{"id":5284,"date":"2026-02-16T12:43:18","date_gmt":"2026-02-16T12:43:18","guid":{"rendered":"https:\/\/studiolineatur.com\/project\/stadtvilla-bremen\/"},"modified":"2026-03-27T11:34:56","modified_gmt":"2026-03-27T11:34:56","slug":"stadtvilla-bremen","status":"publish","type":"project","link":"https:\/\/studiolineatur.com\/de\/project\/stadtvilla-bremen\/","title":{"rendered":"Stadtvilla Bremen"},"content":{"rendered":"\t\t<div data-elementor-type=\"wp-post\" data-elementor-id=\"5284\" class=\"elementor elementor-5284 elementor-4683\" data-elementor-post-type=\"project\">\n\t\t\t\t<div class=\"elementor-element elementor-element-5db5dc6 e-con-full e-flex e-con e-parent\" data-id=\"5db5dc6\" data-element_type=\"container\" data-e-type=\"container\" data-settings=\"{&quot;_ob_use_container_extras&quot;:&quot;no&quot;}\">\n\t\t<div class=\"elementor-element elementor-element-1a861245 e-con-full elementor-hidden-mobile e-flex e-con e-child\" data-id=\"1a861245\" data-element_type=\"container\" data-e-type=\"container\" data-settings=\"{&quot;_ob_use_container_extras&quot;:&quot;no&quot;}\">\n\t\t<div class=\"elementor-element elementor-element-5b9c6943 e-con-full e-flex e-con e-child\" data-id=\"5b9c6943\" data-element_type=\"container\" data-e-type=\"container\" data-settings=\"{&quot;sticky&quot;:&quot;top&quot;,&quot;sticky_on&quot;:[&quot;desktop&quot;],&quot;sticky_offset&quot;:60,&quot;sticky_parent&quot;:&quot;yes&quot;,&quot;_ob_use_container_extras&quot;:&quot;no&quot;,&quot;sticky_effects_offset&quot;:0,&quot;sticky_anchor_link_offset&quot;:0}\">\n\t\t\t\t<div class=\"elementor-element elementor-element-380dd763 elementor-widget elementor-widget-text-editor\" data-id=\"380dd763\" data-element_type=\"widget\" data-e-type=\"widget\" data-widget_type=\"text-editor.default\">\n\t\t\t\t<div class=\"elementor-widget-container\">\n\t\t\t\t\t\t\t\t\t<h1>Stadtvilla Bremen<\/h1><p>Innenarchitektur Wohnen<br>445 qm | Berlin | 2023\u20132025<\/p><p>Projektteam<br>Janis Nachtigall, Claudia De Klerk<\/p><p>Leistungen<br>Konzeption, Vorplanung, Entwurfsplanung, Planung von Einbauten, M\u00f6belkuratierung, Lichtauswahl in Zusammenarbeit mit PSLab, Budgetierung, Ausf\u00fchrungsplanung, Ausschreibung &amp; Vergabe, Bauleitung<\/p><p>Partner<br><a href=\"https:\/\/pslab.lighting\">PSLab<\/a>, <a href=\"https:\/\/www.innenausbau-grote-gmbh.de\">Innenausbau Grote<\/a>, <a href=\"https:\/\/kathmann-bau.de\">Kathmann Bauunternehmung<\/a>, <a href=\"https:\/\/www.jung-group.com\/de-DE\/\">Jung<\/a>, <a href=\"https:\/\/stleointeriors.com\">St. Leo<\/a>, <a href=\"https:\/\/www.nen-do.de\">nen-do<\/a>, <a href=\"https:\/\/vescom.com\/de\">Vescom<\/a>, <a href=\"https:\/\/betonvivet.com\/de\/\">Beton Vivet<\/a>, <a href=\"https:\/\/www.mipa-paints.com\">Mipa<\/a>, <a href=\"https:\/\/www.marazzi.de\/\">Marazzi<\/a>, <a href=\"https:\/\/fondovalle.it\/de\/\">Fondovalle<\/a>, <a href=\"https:\/\/www.winckelmans.com\/en\/\">Winckelmans<\/a>, <a href=\"https:\/\/grassipietre.de\/\">Pietri Grassi<\/a>, <a href=\"https:\/\/en.gruppobardelli.com\/ceramica-vogue\/\">Ceramica Vogue<\/a>, <a href=\"https:\/\/www.tubesradiatori.com\/de\/\">Tubes Radiatori<\/a>,                <a href=\"https:\/\/hotbath.it\/de\/home\">Hotbath<\/a>, <a href=\"https:\/\/www.herzbach.com\/\">Herzbach<\/a>, <a href=\"https:\/\/www.koperenkranen.be\/\">KoperenKranen<\/a>, <a href=\"https:\/\/www.ceramicacielo.it\/en\">Ceramica Cielo<\/a>, <a href=\"https:\/\/de.dedar.com\/\">Dedar Kvadrat<\/a>, <a href=\"https:\/\/astrid.se\/en\">Astrid Textiles<\/a>, <a href=\"https:\/\/www.casamance.com\/en\/\">Casamance<\/a>, <a href=\"https:\/\/nya.com\/\">Nya Nordiska<\/a>, <a href=\"https:\/\/www.ludvigsvensson.com\/\">Ludvig Svensson<\/a>,          <a href=\"https:\/\/noel-marquet.de\/de\/\">Noel &amp; Marquet<\/a><\/p><p>Fotografie<br><a href=\"https:\/\/www.torharrison.com\">Tor Harrison<\/a><\/p>\t\t\t\t\t\t\t\t<\/div>\n\t\t\t\t<\/div>\n\t\t\t\t<\/div>\n\t\t<div class=\"elementor-element elementor-element-d3ad0f2 e-con-full e-flex e-con e-child\" data-id=\"d3ad0f2\" data-element_type=\"container\" data-e-type=\"container\" data-settings=\"{&quot;_ob_use_container_extras&quot;:&quot;no&quot;}\">\n\t\t<div class=\"elementor-element elementor-element-285a6537 e-con-full all-images e-flex e-con e-child\" data-id=\"285a6537\" data-element_type=\"container\" data-e-type=\"container\" id=\"image-1\" data-settings=\"{&quot;background_background&quot;:&quot;classic&quot;,&quot;_ob_use_container_extras&quot;:&quot;no&quot;}\">\n\t\t\t\t<\/div>\n\t\t<div class=\"elementor-element elementor-element-18a7460e e-con-full all-images e-flex e-con e-child\" data-id=\"18a7460e\" data-element_type=\"container\" data-e-type=\"container\" id=\"image-2\" data-settings=\"{&quot;background_background&quot;:&quot;classic&quot;,&quot;_ob_use_container_extras&quot;:&quot;no&quot;}\">\n\t\t\t\t<\/div>\n\t\t<div class=\"elementor-element elementor-element-59611dc1 e-con-full all-images e-flex e-con e-child\" data-id=\"59611dc1\" data-element_type=\"container\" data-e-type=\"container\" id=\"image-3\" data-settings=\"{&quot;background_background&quot;:&quot;classic&quot;,&quot;_ob_use_container_extras&quot;:&quot;no&quot;}\">\n\t\t\t\t<\/div>\n\t\t<div class=\"elementor-element elementor-element-1d395cd2 e-con-full all-images e-flex e-con e-child\" data-id=\"1d395cd2\" data-element_type=\"container\" data-e-type=\"container\" id=\"image-4\" data-settings=\"{&quot;background_background&quot;:&quot;classic&quot;,&quot;_ob_use_container_extras&quot;:&quot;no&quot;}\">\n\t\t\t\t<\/div>\n\t\t<div class=\"elementor-element elementor-element-4d88b4aa e-con-full all-images e-flex e-con e-child\" data-id=\"4d88b4aa\" data-element_type=\"container\" data-e-type=\"container\" id=\"image-5\" data-settings=\"{&quot;background_background&quot;:&quot;classic&quot;,&quot;_ob_use_container_extras&quot;:&quot;no&quot;}\">\n\t\t\t\t<\/div>\n\t\t<div class=\"elementor-element elementor-element-4f022cd7 e-con-full all-images e-flex e-con e-child\" data-id=\"4f022cd7\" data-element_type=\"container\" data-e-type=\"container\" id=\"image-6\" data-settings=\"{&quot;background_background&quot;:&quot;classic&quot;,&quot;_ob_use_container_extras&quot;:&quot;no&quot;}\">\n\t\t\t\t<\/div>\n\t\t<div class=\"elementor-element elementor-element-760dd767 e-con-full all-images e-flex e-con e-child\" data-id=\"760dd767\" data-element_type=\"container\" data-e-type=\"container\" id=\"image-7\" data-settings=\"{&quot;background_background&quot;:&quot;classic&quot;,&quot;_ob_use_container_extras&quot;:&quot;no&quot;}\">\n\t\t\t\t<\/div>\n\t\t<div class=\"elementor-element elementor-element-76142b4 e-con-full all-images e-flex e-con e-child\" data-id=\"76142b4\" data-element_type=\"container\" data-e-type=\"container\" id=\"image-8\" data-settings=\"{&quot;background_background&quot;:&quot;classic&quot;,&quot;_ob_use_container_extras&quot;:&quot;no&quot;}\">\n\t\t\t\t<\/div>\n\t\t<div class=\"elementor-element elementor-element-16e8f1f1 e-con-full all-images e-flex e-con e-child\" data-id=\"16e8f1f1\" data-element_type=\"container\" data-e-type=\"container\" id=\"image-9\" data-settings=\"{&quot;background_background&quot;:&quot;classic&quot;,&quot;_ob_use_container_extras&quot;:&quot;no&quot;}\">\n\t\t\t\t<\/div>\n\t\t<div class=\"elementor-element elementor-element-2031629d e-con-full all-images e-flex e-con e-child\" data-id=\"2031629d\" data-element_type=\"container\" data-e-type=\"container\" id=\"image-10\" data-settings=\"{&quot;background_background&quot;:&quot;classic&quot;,&quot;_ob_use_container_extras&quot;:&quot;no&quot;}\">\n\t\t\t\t<\/div>\n\t\t<div class=\"elementor-element elementor-element-5a9f2f4b e-con-full all-images e-flex e-con e-child\" data-id=\"5a9f2f4b\" data-element_type=\"container\" data-e-type=\"container\" id=\"image-11\" data-settings=\"{&quot;background_background&quot;:&quot;classic&quot;,&quot;_ob_use_container_extras&quot;:&quot;no&quot;}\">\n\t\t\t\t<\/div>\n\t\t<div class=\"elementor-element elementor-element-3285589c e-con-full all-images e-flex e-con e-child\" data-id=\"3285589c\" data-element_type=\"container\" data-e-type=\"container\" id=\"image-12\" data-settings=\"{&quot;background_background&quot;:&quot;classic&quot;,&quot;_ob_use_container_extras&quot;:&quot;no&quot;}\">\n\t\t\t\t<\/div>\n\t\t<div class=\"elementor-element elementor-element-7581001 e-con-full all-images e-flex e-con e-child\" data-id=\"7581001\" data-element_type=\"container\" data-e-type=\"container\" id=\"image-13\" data-settings=\"{&quot;background_background&quot;:&quot;classic&quot;,&quot;_ob_use_container_extras&quot;:&quot;no&quot;}\">\n\t\t\t\t<\/div>\n\t\t<div class=\"elementor-element elementor-element-6b073e3 e-con-full all-images e-flex e-con e-child\" data-id=\"6b073e3\" data-element_type=\"container\" data-e-type=\"container\" id=\"image-14\" data-settings=\"{&quot;background_background&quot;:&quot;classic&quot;,&quot;_ob_use_container_extras&quot;:&quot;no&quot;}\">\n\t\t\t\t<\/div>\n\t\t<div class=\"elementor-element elementor-element-7708b1c e-con-full all-images e-flex e-con e-child\" data-id=\"7708b1c\" data-element_type=\"container\" data-e-type=\"container\" id=\"image-15\" data-settings=\"{&quot;background_background&quot;:&quot;classic&quot;,&quot;_ob_use_container_extras&quot;:&quot;no&quot;}\">\n\t\t\t\t<\/div>\n\t\t<div class=\"elementor-element elementor-element-f707cb1 e-con-full all-images e-flex e-con e-child\" data-id=\"f707cb1\" data-element_type=\"container\" data-e-type=\"container\" id=\"image-16\" data-settings=\"{&quot;background_background&quot;:&quot;classic&quot;,&quot;_ob_use_container_extras&quot;:&quot;no&quot;}\">\n\t\t\t\t<\/div>\n\t\t<div class=\"elementor-element elementor-element-51d8bd6 e-con-full all-images e-flex e-con e-child\" data-id=\"51d8bd6\" data-element_type=\"container\" data-e-type=\"container\" id=\"image-17\" data-settings=\"{&quot;background_background&quot;:&quot;classic&quot;,&quot;_ob_use_container_extras&quot;:&quot;no&quot;}\">\n\t\t\t\t<\/div>\n\t\t<div class=\"elementor-element elementor-element-0ac3ee9 e-con-full all-images e-flex e-con e-child\" data-id=\"0ac3ee9\" data-element_type=\"container\" data-e-type=\"container\" id=\"image-18\" data-settings=\"{&quot;background_background&quot;:&quot;classic&quot;,&quot;_ob_use_container_extras&quot;:&quot;no&quot;}\">\n\t\t\t\t<\/div>\n\t\t<div class=\"elementor-element elementor-element-9b8e886 e-con-full all-images e-flex e-con e-child\" data-id=\"9b8e886\" data-element_type=\"container\" data-e-type=\"container\" id=\"image-19\" data-settings=\"{&quot;background_background&quot;:&quot;classic&quot;,&quot;_ob_use_container_extras&quot;:&quot;no&quot;}\">\n\t\t\t\t<\/div>\n\t\t<div class=\"elementor-element elementor-element-3b2f319 e-con-full all-images e-flex e-con e-child\" data-id=\"3b2f319\" data-element_type=\"container\" data-e-type=\"container\" id=\"image-20\" data-settings=\"{&quot;background_background&quot;:&quot;classic&quot;,&quot;_ob_use_container_extras&quot;:&quot;no&quot;}\">\n\t\t\t\t<\/div>\n\t\t<div class=\"elementor-element elementor-element-a1baa0d e-con-full all-images e-flex e-con e-child\" data-id=\"a1baa0d\" data-element_type=\"container\" data-e-type=\"container\" id=\"image-21\" data-settings=\"{&quot;background_background&quot;:&quot;classic&quot;,&quot;_ob_use_container_extras&quot;:&quot;no&quot;}\">\n\t\t\t\t<\/div>\n\t\t<div class=\"elementor-element elementor-element-efded8c e-con-full all-images e-flex e-con e-child\" data-id=\"efded8c\" data-element_type=\"container\" data-e-type=\"container\" id=\"image-22\" data-settings=\"{&quot;background_background&quot;:&quot;classic&quot;,&quot;_ob_use_container_extras&quot;:&quot;no&quot;}\">\n\t\t\t\t<\/div>\n\t\t<div class=\"elementor-element elementor-element-be1768c e-con-full all-images e-flex e-con e-child\" data-id=\"be1768c\" data-element_type=\"container\" data-e-type=\"container\" id=\"image-23\" data-settings=\"{&quot;background_background&quot;:&quot;classic&quot;,&quot;_ob_use_container_extras&quot;:&quot;no&quot;}\">\n\t\t\t\t<\/div>\n\t\t<div class=\"elementor-element elementor-element-13c846f e-con-full all-images e-flex e-con e-child\" data-id=\"13c846f\" data-element_type=\"container\" data-e-type=\"container\" id=\"image-24\" data-settings=\"{&quot;background_background&quot;:&quot;classic&quot;,&quot;_ob_use_container_extras&quot;:&quot;no&quot;}\">\n\t\t\t\t<\/div>\n\t\t\t\t<div class=\"elementor-element elementor-element-613bb118 elementor-widget elementor-widget-text-editor\" data-id=\"613bb118\" data-element_type=\"widget\" data-e-type=\"widget\" data-widget_type=\"text-editor.default\">\n\t\t\t\t<div class=\"elementor-widget-container\">\n\t\t\t\t\t\t\t\t\t<h3 style=\"text-align: center;\">\u00bb Eine zeitlose Villa mit unverwechselbarer Handschrift. \u00ab<\/h3><p>In einem der sch\u00f6nsten Viertel Bremens bot sich uns die Gelegenheit, die Innenr\u00e4ume einer charmanten Villa aus dem Jahr 1928 neu zu denken und zugleich ihre energetische Sanierung zu planen und zu begleiten. Unser Ziel war es, die klassische Eleganz des Geb\u00e4udes zu bewahren und gleichzeitig ein zeitgem\u00e4\u00dfes, gro\u00dfz\u00fcgiges und alltagstaugliches Zuhause f\u00fcr eine f\u00fcnfk\u00f6pfige Familie zu schaffen. In enger Zusammenarbeit mit den Bauherren entwickelten wir ein ganzheitliches Konzept mit Fokus auf nat\u00fcrliche Materialien, warme Farbwelten, funktionale Rauml\u00f6sungen und feine, \u00fcberraschende Momente.  <\/p><p>Wir gestalteten alle drei Wohnetagen sowie den G\u00e4stebereich und die separate Wohnung im Souterrain mit gro\u00dfer Liebe zum Detail \u2013 reduziert, lichtdurchflutet und hochwertig.<\/p><p>Durch gezielte Anpassungen der Grundrisse \u00f6ffneten wir die Wohnbereiche und konzentrierten uns auf eine moderne, klare Raumstruktur, die auf die Bed\u00fcrfnisse der Familie zugeschnitten ist. Im Erdgeschoss f\u00fchrten wir die zuvor getrennten Wohn- und Esszimmer zu einem gro\u00dfz\u00fcgigen, offenen Wohnraum zusammen, der die ma\u00dfgefertigte K\u00fcche aus Eiche, Naturstein und Messing, den Essbereich und ein gro\u00dfes, einladendes Familiensofa harmonisch verbindet. Ein besonderes Highlight ist der ma\u00dfgefertigte Kamin, der nahtlos in die Formensprache der K\u00fcche integriert ist.  <\/p><p>Der private R\u00fcckzugsbereich im Obergeschoss vereint Schlafzimmer, Ankleide und Bad en suite zu einer flie\u00dfenden, harmonischen Einheit. Mit klaren Linien, warmen Materialien und sanften T\u00f6nen schufen wir eine Atmosph\u00e4re der Ruhe und Geborgenheit. Ma\u00dfgeschneiderte Einbauten bieten den notwendigen Stauraum und definieren den Raum zugleich klar.  <\/p><p>Die Kinderzimmer \u2013 im Ober- und Dachgeschoss gelegen \u2013 wurden mit Blick auf Flexibilit\u00e4t und Alltagstauglichkeit gestaltet. Durchdachte Einbauten bieten praktischen Stauraum, w\u00e4hrend sanfte Farbkombinationen und lineare Muster den R\u00e4umen Leichtigkeit und einen spielerischen Charakter verleihen. <\/p><p>Von der Konzeptentwicklung bis ins feinste Detail begleiteten wir dieses Projekt ganzheitlich \u2013 sowohl gestalterisch als auch in der Umsetzung.<br>Das Ergebnis: eine zeitlose Villa mit unverwechselbarer Handschrift und viel Raum f\u00fcr neue Erinnerungen.<\/p>\t\t\t\t\t\t\t\t<\/div>\n\t\t\t\t<\/div>\n\t\t\t\t<div class=\"elementor-element elementor-element-68181ab5 elementor-widget elementor-widget-image\" data-id=\"68181ab5\" data-element_type=\"widget\" data-e-type=\"widget\" data-widget_type=\"image.default\">\n\t\t\t\t<div class=\"elementor-widget-container\">\n\t\t\t\t\t\t\t\t\t\t\t\t\t\t\t<img fetchpriority=\"high\" decoding=\"async\" width=\"800\" height=\"707\" src=\"https:\/\/studiolineatur.com\/wp-content\/uploads\/04_Lineatur_interior_architecture_Villa_Bremen_fassade-1-800x707.png\" class=\"attachment-square size-square wp-image-5273\" alt=\"\" srcset=\"https:\/\/studiolineatur.com\/wp-content\/uploads\/04_Lineatur_interior_architecture_Villa_Bremen_fassade-1-800x707.png 800w, https:\/\/studiolineatur.com\/wp-content\/uploads\/04_Lineatur_interior_architecture_Villa_Bremen_fassade-1-300x265.png 300w, https:\/\/studiolineatur.com\/wp-content\/uploads\/04_Lineatur_interior_architecture_Villa_Bremen_fassade-1-1024x905.png 1024w, https:\/\/studiolineatur.com\/wp-content\/uploads\/04_Lineatur_interior_architecture_Villa_Bremen_fassade-1-768x679.png 768w, https:\/\/studiolineatur.com\/wp-content\/uploads\/04_Lineatur_interior_architecture_Villa_Bremen_fassade-1-1536x1358.png 1536w, https:\/\/studiolineatur.com\/wp-content\/uploads\/04_Lineatur_interior_architecture_Villa_Bremen_fassade-1-1448x1280.png 1448w, https:\/\/studiolineatur.com\/wp-content\/uploads\/04_Lineatur_interior_architecture_Villa_Bremen_fassade-1.png 1920w\" sizes=\"(max-width: 800px) 100vw, 800px\" \/>\t\t\t\t\t\t\t\t\t\t\t\t\t\t\t<\/div>\n\t\t\t\t<\/div>\n\t\t\t\t<div class=\"elementor-element elementor-element-31a613c elementor-widget elementor-widget-image\" data-id=\"31a613c\" data-element_type=\"widget\" data-e-type=\"widget\" data-widget_type=\"image.default\">\n\t\t\t\t<div class=\"elementor-widget-container\">\n\t\t\t\t\t\t\t\t\t\t\t\t\t\t\t<img decoding=\"async\" width=\"800\" height=\"792\" src=\"https:\/\/studiolineatur.com\/wp-content\/uploads\/01_Lineatur_interior_architecture_Villa_Bremen_floorplan-1-800x792.png\" class=\"attachment-square size-square wp-image-5274\" alt=\"\" srcset=\"https:\/\/studiolineatur.com\/wp-content\/uploads\/01_Lineatur_interior_architecture_Villa_Bremen_floorplan-1-800x792.png 800w, https:\/\/studiolineatur.com\/wp-content\/uploads\/01_Lineatur_interior_architecture_Villa_Bremen_floorplan-1-300x297.png 300w, https:\/\/studiolineatur.com\/wp-content\/uploads\/01_Lineatur_interior_architecture_Villa_Bremen_floorplan-1-1024x1013.png 1024w, https:\/\/studiolineatur.com\/wp-content\/uploads\/01_Lineatur_interior_architecture_Villa_Bremen_floorplan-1-150x150.png 150w, https:\/\/studiolineatur.com\/wp-content\/uploads\/01_Lineatur_interior_architecture_Villa_Bremen_floorplan-1-768x760.png 768w, https:\/\/studiolineatur.com\/wp-content\/uploads\/01_Lineatur_interior_architecture_Villa_Bremen_floorplan-1-1536x1520.png 1536w, https:\/\/studiolineatur.com\/wp-content\/uploads\/01_Lineatur_interior_architecture_Villa_Bremen_floorplan-1-1293x1280.png 1293w, https:\/\/studiolineatur.com\/wp-content\/uploads\/01_Lineatur_interior_architecture_Villa_Bremen_floorplan-1.png 1920w\" sizes=\"(max-width: 800px) 100vw, 800px\" \/>\t\t\t\t\t\t\t\t\t\t\t\t\t\t\t<\/div>\n\t\t\t\t<\/div>\n\t\t\t\t<div class=\"elementor-element elementor-element-372c189 elementor-widget elementor-widget-image\" data-id=\"372c189\" data-element_type=\"widget\" data-e-type=\"widget\" data-widget_type=\"image.default\">\n\t\t\t\t<div class=\"elementor-widget-container\">\n\t\t\t\t\t\t\t\t\t\t\t\t\t\t\t<img decoding=\"async\" width=\"800\" height=\"773\" src=\"https:\/\/studiolineatur.com\/wp-content\/uploads\/02_Lineatur_interior_architecture_Villa_Bremen_sections-1-800x773.png\" class=\"attachment-square size-square wp-image-5275\" alt=\"\" srcset=\"https:\/\/studiolineatur.com\/wp-content\/uploads\/02_Lineatur_interior_architecture_Villa_Bremen_sections-1-800x773.png 800w, https:\/\/studiolineatur.com\/wp-content\/uploads\/02_Lineatur_interior_architecture_Villa_Bremen_sections-1-300x290.png 300w, https:\/\/studiolineatur.com\/wp-content\/uploads\/02_Lineatur_interior_architecture_Villa_Bremen_sections-1-1024x989.png 1024w, https:\/\/studiolineatur.com\/wp-content\/uploads\/02_Lineatur_interior_architecture_Villa_Bremen_sections-1-768x742.png 768w, https:\/\/studiolineatur.com\/wp-content\/uploads\/02_Lineatur_interior_architecture_Villa_Bremen_sections-1-1536x1484.png 1536w, https:\/\/studiolineatur.com\/wp-content\/uploads\/02_Lineatur_interior_architecture_Villa_Bremen_sections-1-1325x1280.png 1325w, https:\/\/studiolineatur.com\/wp-content\/uploads\/02_Lineatur_interior_architecture_Villa_Bremen_sections-1.png 1920w\" sizes=\"(max-width: 800px) 100vw, 800px\" \/>\t\t\t\t\t\t\t\t\t\t\t\t\t\t\t<\/div>\n\t\t\t\t<\/div>\n\t\t\t\t<div class=\"elementor-element elementor-element-f90059f elementor-widget elementor-widget-image\" data-id=\"f90059f\" data-element_type=\"widget\" data-e-type=\"widget\" data-widget_type=\"image.default\">\n\t\t\t\t<div class=\"elementor-widget-container\">\n\t\t\t\t\t\t\t\t\t\t\t\t\t\t\t<img loading=\"lazy\" decoding=\"async\" width=\"800\" height=\"783\" src=\"https:\/\/studiolineatur.com\/wp-content\/uploads\/01_Lineatur_interior_architecture_Villa_Bremen_floorplan_1st-floor-800x783.png\" class=\"attachment-square size-square wp-image-5276\" alt=\"\" srcset=\"https:\/\/studiolineatur.com\/wp-content\/uploads\/01_Lineatur_interior_architecture_Villa_Bremen_floorplan_1st-floor-800x783.png 800w, https:\/\/studiolineatur.com\/wp-content\/uploads\/01_Lineatur_interior_architecture_Villa_Bremen_floorplan_1st-floor-300x294.png 300w, https:\/\/studiolineatur.com\/wp-content\/uploads\/01_Lineatur_interior_architecture_Villa_Bremen_floorplan_1st-floor-1024x1002.png 1024w, https:\/\/studiolineatur.com\/wp-content\/uploads\/01_Lineatur_interior_architecture_Villa_Bremen_floorplan_1st-floor-768x752.png 768w, https:\/\/studiolineatur.com\/wp-content\/uploads\/01_Lineatur_interior_architecture_Villa_Bremen_floorplan_1st-floor.png 1280w\" sizes=\"(max-width: 800px) 100vw, 800px\" \/>\t\t\t\t\t\t\t\t\t\t\t\t\t\t\t<\/div>\n\t\t\t\t<\/div>\n\t\t\t\t<div class=\"elementor-element elementor-element-c021d68 elementor-widget elementor-widget-image\" data-id=\"c021d68\" data-element_type=\"widget\" data-e-type=\"widget\" data-widget_type=\"image.default\">\n\t\t\t\t<div class=\"elementor-widget-container\">\n\t\t\t\t\t\t\t\t\t\t\t\t\t\t\t<img loading=\"lazy\" decoding=\"async\" width=\"800\" height=\"661\" src=\"https:\/\/studiolineatur.com\/wp-content\/uploads\/01_Lineatur_interior_architecture_Villa_Bremen_floorplan_2nd-floor-3-800x661.png\" class=\"attachment-square size-square wp-image-5277\" alt=\"\" srcset=\"https:\/\/studiolineatur.com\/wp-content\/uploads\/01_Lineatur_interior_architecture_Villa_Bremen_floorplan_2nd-floor-3-800x661.png 800w, https:\/\/studiolineatur.com\/wp-content\/uploads\/01_Lineatur_interior_architecture_Villa_Bremen_floorplan_2nd-floor-3-300x248.png 300w, https:\/\/studiolineatur.com\/wp-content\/uploads\/01_Lineatur_interior_architecture_Villa_Bremen_floorplan_2nd-floor-3-1024x846.png 1024w, https:\/\/studiolineatur.com\/wp-content\/uploads\/01_Lineatur_interior_architecture_Villa_Bremen_floorplan_2nd-floor-3-768x635.png 768w, https:\/\/studiolineatur.com\/wp-content\/uploads\/01_Lineatur_interior_architecture_Villa_Bremen_floorplan_2nd-floor-3.png 1280w\" sizes=\"(max-width: 800px) 100vw, 800px\" \/>\t\t\t\t\t\t\t\t\t\t\t\t\t\t\t<\/div>\n\t\t\t\t<\/div>\n\t\t\t\t<div class=\"elementor-element elementor-element-1af6156 elementor-widget elementor-widget-image\" data-id=\"1af6156\" data-element_type=\"widget\" data-e-type=\"widget\" data-widget_type=\"image.default\">\n\t\t\t\t<div class=\"elementor-widget-container\">\n\t\t\t\t\t\t\t\t\t\t\t\t\t\t\t<img loading=\"lazy\" decoding=\"async\" width=\"800\" height=\"598\" src=\"https:\/\/studiolineatur.com\/wp-content\/uploads\/04_Lineatur_interior_architecture_Villa_Bremen_fireplace-800x598.png\" class=\"attachment-square size-square wp-image-5278\" alt=\"\" srcset=\"https:\/\/studiolineatur.com\/wp-content\/uploads\/04_Lineatur_interior_architecture_Villa_Bremen_fireplace-800x598.png 800w, https:\/\/studiolineatur.com\/wp-content\/uploads\/04_Lineatur_interior_architecture_Villa_Bremen_fireplace-300x224.png 300w, https:\/\/studiolineatur.com\/wp-content\/uploads\/04_Lineatur_interior_architecture_Villa_Bremen_fireplace-1024x765.png 1024w, https:\/\/studiolineatur.com\/wp-content\/uploads\/04_Lineatur_interior_architecture_Villa_Bremen_fireplace-768x574.png 768w, https:\/\/studiolineatur.com\/wp-content\/uploads\/04_Lineatur_interior_architecture_Villa_Bremen_fireplace-1536x1148.png 1536w, https:\/\/studiolineatur.com\/wp-content\/uploads\/04_Lineatur_interior_architecture_Villa_Bremen_fireplace-1713x1280.png 1713w, https:\/\/studiolineatur.com\/wp-content\/uploads\/04_Lineatur_interior_architecture_Villa_Bremen_fireplace.png 1920w\" sizes=\"(max-width: 800px) 100vw, 800px\" \/>\t\t\t\t\t\t\t\t\t\t\t\t\t\t\t<\/div>\n\t\t\t\t<\/div>\n\t\t\t\t<div class=\"elementor-element elementor-element-b05cef3 elementor-widget elementor-widget-image\" data-id=\"b05cef3\" data-element_type=\"widget\" data-e-type=\"widget\" data-widget_type=\"image.default\">\n\t\t\t\t<div class=\"elementor-widget-container\">\n\t\t\t\t\t\t\t\t\t\t\t\t\t\t\t<img loading=\"lazy\" decoding=\"async\" width=\"800\" height=\"483\" src=\"https:\/\/studiolineatur.com\/wp-content\/uploads\/04_Lineatur_interior_architecture_Villa_Bremen_sleepingroom-2-800x483.png\" class=\"attachment-square size-square wp-image-5279\" alt=\"\" srcset=\"https:\/\/studiolineatur.com\/wp-content\/uploads\/04_Lineatur_interior_architecture_Villa_Bremen_sleepingroom-2-800x483.png 800w, https:\/\/studiolineatur.com\/wp-content\/uploads\/04_Lineatur_interior_architecture_Villa_Bremen_sleepingroom-2-300x181.png 300w, https:\/\/studiolineatur.com\/wp-content\/uploads\/04_Lineatur_interior_architecture_Villa_Bremen_sleepingroom-2-1024x618.png 1024w, https:\/\/studiolineatur.com\/wp-content\/uploads\/04_Lineatur_interior_architecture_Villa_Bremen_sleepingroom-2-768x463.png 768w, https:\/\/studiolineatur.com\/wp-content\/uploads\/04_Lineatur_interior_architecture_Villa_Bremen_sleepingroom-2-1536x926.png 1536w, https:\/\/studiolineatur.com\/wp-content\/uploads\/04_Lineatur_interior_architecture_Villa_Bremen_sleepingroom-2.png 1920w\" sizes=\"(max-width: 800px) 100vw, 800px\" \/>\t\t\t\t\t\t\t\t\t\t\t\t\t\t\t<\/div>\n\t\t\t\t<\/div>\n\t\t\t\t<div class=\"elementor-element elementor-element-ccc562f elementor-widget elementor-widget-image\" data-id=\"ccc562f\" data-element_type=\"widget\" data-e-type=\"widget\" data-widget_type=\"image.default\">\n\t\t\t\t<div class=\"elementor-widget-container\">\n\t\t\t\t\t\t\t\t\t\t\t\t\t\t\t<img loading=\"lazy\" decoding=\"async\" width=\"800\" height=\"483\" src=\"https:\/\/studiolineatur.com\/wp-content\/uploads\/04_Lineatur_interior_architecture_Villa_Bremen_livingroom2-1-800x483.png\" class=\"attachment-square size-square wp-image-5280\" alt=\"\" srcset=\"https:\/\/studiolineatur.com\/wp-content\/uploads\/04_Lineatur_interior_architecture_Villa_Bremen_livingroom2-1-800x483.png 800w, https:\/\/studiolineatur.com\/wp-content\/uploads\/04_Lineatur_interior_architecture_Villa_Bremen_livingroom2-1-300x181.png 300w, https:\/\/studiolineatur.com\/wp-content\/uploads\/04_Lineatur_interior_architecture_Villa_Bremen_livingroom2-1-1024x618.png 1024w, https:\/\/studiolineatur.com\/wp-content\/uploads\/04_Lineatur_interior_architecture_Villa_Bremen_livingroom2-1-768x463.png 768w, https:\/\/studiolineatur.com\/wp-content\/uploads\/04_Lineatur_interior_architecture_Villa_Bremen_livingroom2-1-1536x926.png 1536w, https:\/\/studiolineatur.com\/wp-content\/uploads\/04_Lineatur_interior_architecture_Villa_Bremen_livingroom2-1.png 1920w\" sizes=\"(max-width: 800px) 100vw, 800px\" \/>\t\t\t\t\t\t\t\t\t\t\t\t\t\t\t<\/div>\n\t\t\t\t<\/div>\n\t\t\t\t<div class=\"elementor-element elementor-element-7b8c281f elementor-widget elementor-widget-text-editor\" data-id=\"7b8c281f\" data-element_type=\"widget\" data-e-type=\"widget\" data-widget_type=\"text-editor.default\">\n\t\t\t\t<div class=\"elementor-widget-container\">\n\t\t\t\t\t\t\t\t\t<p><a href=\"#top\">Nach oben<\/a><\/p>\t\t\t\t\t\t\t\t<\/div>\n\t\t\t\t<\/div>\n\t\t\t\t<\/div>\n\t\t<div class=\"elementor-element elementor-element-665ff533 e-con-full e-flex ob-is-container-extras e-con e-child\" data-id=\"665ff533\" data-element_type=\"container\" data-e-type=\"container\" data-settings=\"{&quot;_ob_use_container_extras&quot;:&quot;yes&quot;}\">\n\t\t\t\t<\/div>\n\t\t<div class=\"elementor-element elementor-element-53dd9fbd e-con-full e-flex e-con e-child\" data-id=\"53dd9fbd\" data-element_type=\"container\" data-e-type=\"container\" data-settings=\"{&quot;sticky&quot;:&quot;top&quot;,&quot;sticky_offset&quot;:60,&quot;sticky_parent&quot;:&quot;yes&quot;,&quot;_ob_use_container_extras&quot;:&quot;no&quot;,&quot;sticky_on&quot;:[&quot;desktop&quot;,&quot;tablet&quot;,&quot;mobile&quot;],&quot;sticky_effects_offset&quot;:0,&quot;sticky_anchor_link_offset&quot;:0}\">\n\t\t<div class=\"elementor-element elementor-element-22d4ce30 e-con-full open-container e-flex e-con e-child\" data-id=\"22d4ce30\" data-element_type=\"container\" data-e-type=\"container\" data-settings=\"{&quot;_ob_use_container_extras&quot;:&quot;no&quot;}\">\n\t\t<div class=\"elementor-element elementor-element-60780d8 e-con-full e-flex e-con e-child\" data-id=\"60780d8\" data-element_type=\"container\" data-e-type=\"container\" data-settings=\"{&quot;_ob_use_container_extras&quot;:&quot;no&quot;}\">\n\t\t<div class=\"elementor-element elementor-element-1076f08f e-con-full e-flex e-con e-child\" data-id=\"1076f08f\" data-element_type=\"container\" data-e-type=\"container\" data-settings=\"{&quot;_ob_use_container_extras&quot;:&quot;no&quot;}\">\n\t\t<a class=\"elementor-element elementor-element-7ed0e27b e-con-full e-flex e-con e-child\" data-id=\"7ed0e27b\" data-element_type=\"container\" data-e-type=\"container\" data-settings=\"{&quot;background_background&quot;:&quot;classic&quot;,&quot;_ob_use_container_extras&quot;:&quot;no&quot;}\" data-showme=\"image-1\" href=\"#\">\n\t\t\t\t<\/a>\n\t\t<a class=\"elementor-element elementor-element-78b55bf e-con-full e-flex e-con e-child\" data-id=\"78b55bf\" data-element_type=\"container\" data-e-type=\"container\" data-settings=\"{&quot;background_background&quot;:&quot;classic&quot;,&quot;_ob_use_container_extras&quot;:&quot;no&quot;}\" data-showme=\"image-2\" href=\"#\">\n\t\t\t\t<\/a>\n\t\t<a class=\"elementor-element elementor-element-5d34245f e-con-full e-flex e-con e-child\" data-id=\"5d34245f\" data-element_type=\"container\" data-e-type=\"container\" data-settings=\"{&quot;background_background&quot;:&quot;classic&quot;,&quot;_ob_use_container_extras&quot;:&quot;no&quot;}\" data-showme=\"image-3\" href=\"#\">\n\t\t\t\t<\/a>\n\t\t<a class=\"elementor-element elementor-element-2a2eff80 e-con-full e-flex e-con e-child\" data-id=\"2a2eff80\" data-element_type=\"container\" data-e-type=\"container\" data-settings=\"{&quot;background_background&quot;:&quot;classic&quot;,&quot;_ob_use_container_extras&quot;:&quot;no&quot;}\" data-showme=\"image-4\" href=\"#\">\n\t\t\t\t<\/a>\n\t\t<a class=\"elementor-element elementor-element-3fd9c8a5 e-con-full e-flex e-con e-child\" data-id=\"3fd9c8a5\" data-element_type=\"container\" data-e-type=\"container\" data-settings=\"{&quot;background_background&quot;:&quot;classic&quot;,&quot;_ob_use_container_extras&quot;:&quot;no&quot;}\" data-showme=\"image-5\" href=\"#\">\n\t\t\t\t<\/a>\n\t\t<a class=\"elementor-element elementor-element-abac6d1 e-con-full e-flex e-con e-child\" data-id=\"abac6d1\" data-element_type=\"container\" data-e-type=\"container\" data-settings=\"{&quot;background_background&quot;:&quot;classic&quot;,&quot;_ob_use_container_extras&quot;:&quot;no&quot;}\" data-showme=\"image-6\" href=\"#\">\n\t\t\t\t<\/a>\n\t\t\t\t<\/div>\n\t\t<div class=\"elementor-element elementor-element-67e8d3b3 e-con-full e-flex e-con e-child\" data-id=\"67e8d3b3\" data-element_type=\"container\" data-e-type=\"container\" data-settings=\"{&quot;_ob_use_container_extras&quot;:&quot;no&quot;}\">\n\t\t<a class=\"elementor-element elementor-element-39ed91a4 e-con-full e-flex e-con e-child\" data-id=\"39ed91a4\" data-element_type=\"container\" data-e-type=\"container\" data-settings=\"{&quot;background_background&quot;:&quot;classic&quot;,&quot;_ob_use_container_extras&quot;:&quot;no&quot;}\" data-showme=\"image-7\" href=\"#\">\n\t\t\t\t<\/a>\n\t\t<a class=\"elementor-element elementor-element-7bee41ca e-con-full e-flex e-con e-child\" data-id=\"7bee41ca\" data-element_type=\"container\" data-e-type=\"container\" data-settings=\"{&quot;background_background&quot;:&quot;classic&quot;,&quot;_ob_use_container_extras&quot;:&quot;no&quot;}\" data-showme=\"image-8\" href=\"#\">\n\t\t\t\t<\/a>\n\t\t<a class=\"elementor-element elementor-element-16654ad7 e-con-full e-flex e-con e-child\" data-id=\"16654ad7\" data-element_type=\"container\" data-e-type=\"container\" data-settings=\"{&quot;background_background&quot;:&quot;classic&quot;,&quot;_ob_use_container_extras&quot;:&quot;no&quot;}\" data-showme=\"image-9\" href=\"#\">\n\t\t\t\t<\/a>\n\t\t<a class=\"elementor-element elementor-element-1483e6a8 e-con-full e-flex e-con e-child\" data-id=\"1483e6a8\" data-element_type=\"container\" data-e-type=\"container\" data-settings=\"{&quot;background_background&quot;:&quot;classic&quot;,&quot;_ob_use_container_extras&quot;:&quot;no&quot;}\" data-showme=\"image-10\" href=\"#\">\n\t\t\t\t<\/a>\n\t\t<a class=\"elementor-element elementor-element-644d0af9 e-con-full e-flex e-con e-child\" data-id=\"644d0af9\" data-element_type=\"container\" data-e-type=\"container\" data-settings=\"{&quot;background_background&quot;:&quot;classic&quot;,&quot;_ob_use_container_extras&quot;:&quot;no&quot;}\" data-showme=\"image-11\" href=\"#\">\n\t\t\t\t<\/a>\n\t\t<a class=\"elementor-element elementor-element-1d13a6d1 e-con-full e-flex e-con e-child\" data-id=\"1d13a6d1\" data-element_type=\"container\" data-e-type=\"container\" data-settings=\"{&quot;background_background&quot;:&quot;classic&quot;,&quot;_ob_use_container_extras&quot;:&quot;no&quot;}\" data-showme=\"image-12\" href=\"#\">\n\t\t\t\t<\/a>\n\t\t\t\t<\/div>\n\t\t<div class=\"elementor-element elementor-element-5d436a4 e-con-full e-flex e-con e-child\" data-id=\"5d436a4\" data-element_type=\"container\" data-e-type=\"container\" data-settings=\"{&quot;_ob_use_container_extras&quot;:&quot;no&quot;}\">\n\t\t<a class=\"elementor-element elementor-element-cbac82b e-con-full e-flex e-con e-child\" data-id=\"cbac82b\" data-element_type=\"container\" data-e-type=\"container\" data-settings=\"{&quot;background_background&quot;:&quot;classic&quot;,&quot;_ob_use_container_extras&quot;:&quot;no&quot;}\" data-showme=\"image-13\" href=\"#\">\n\t\t\t\t<\/a>\n\t\t<a class=\"elementor-element elementor-element-83bae02 e-con-full e-flex e-con e-child\" data-id=\"83bae02\" data-element_type=\"container\" data-e-type=\"container\" data-settings=\"{&quot;background_background&quot;:&quot;classic&quot;,&quot;_ob_use_container_extras&quot;:&quot;no&quot;}\" data-showme=\"image-14\" href=\"#\">\n\t\t\t\t<\/a>\n\t\t<a class=\"elementor-element elementor-element-128d34b e-con-full e-flex e-con e-child\" data-id=\"128d34b\" data-element_type=\"container\" data-e-type=\"container\" data-settings=\"{&quot;background_background&quot;:&quot;classic&quot;,&quot;_ob_use_container_extras&quot;:&quot;no&quot;}\" data-showme=\"image-15\" href=\"#\">\n\t\t\t\t<\/a>\n\t\t<a class=\"elementor-element elementor-element-0c8f4b3 e-con-full e-flex e-con e-child\" data-id=\"0c8f4b3\" data-element_type=\"container\" data-e-type=\"container\" data-settings=\"{&quot;background_background&quot;:&quot;classic&quot;,&quot;_ob_use_container_extras&quot;:&quot;no&quot;}\" data-showme=\"image-16\" href=\"#\">\n\t\t\t\t<\/a>\n\t\t<a class=\"elementor-element elementor-element-f9cd9fc e-con-full e-flex e-con e-child\" data-id=\"f9cd9fc\" data-element_type=\"container\" data-e-type=\"container\" data-settings=\"{&quot;background_background&quot;:&quot;classic&quot;,&quot;_ob_use_container_extras&quot;:&quot;no&quot;}\" data-showme=\"image-17\" href=\"#\">\n\t\t\t\t<\/a>\n\t\t<a class=\"elementor-element elementor-element-5375bec e-con-full e-flex e-con e-child\" data-id=\"5375bec\" data-element_type=\"container\" data-e-type=\"container\" data-settings=\"{&quot;background_background&quot;:&quot;classic&quot;,&quot;_ob_use_container_extras&quot;:&quot;no&quot;}\" data-showme=\"image-18\" href=\"#\">\n\t\t\t\t<\/a>\n\t\t\t\t<\/div>\n\t\t<div class=\"elementor-element elementor-element-839abeb e-con-full e-flex e-con e-child\" data-id=\"839abeb\" data-element_type=\"container\" data-e-type=\"container\" data-settings=\"{&quot;_ob_use_container_extras&quot;:&quot;no&quot;}\">\n\t\t<a class=\"elementor-element elementor-element-b7a10ea e-con-full e-flex e-con e-child\" data-id=\"b7a10ea\" data-element_type=\"container\" data-e-type=\"container\" data-settings=\"{&quot;background_background&quot;:&quot;classic&quot;,&quot;_ob_use_container_extras&quot;:&quot;no&quot;}\" data-showme=\"image-19\" href=\"#\">\n\t\t\t\t<\/a>\n\t\t<a class=\"elementor-element elementor-element-921cbab e-con-full e-flex e-con e-child\" data-id=\"921cbab\" data-element_type=\"container\" data-e-type=\"container\" data-settings=\"{&quot;background_background&quot;:&quot;classic&quot;,&quot;_ob_use_container_extras&quot;:&quot;no&quot;}\" data-showme=\"image-20\" href=\"#\">\n\t\t\t\t<\/a>\n\t\t<a class=\"elementor-element elementor-element-83075ea e-con-full e-flex e-con e-child\" data-id=\"83075ea\" data-element_type=\"container\" data-e-type=\"container\" data-settings=\"{&quot;background_background&quot;:&quot;classic&quot;,&quot;_ob_use_container_extras&quot;:&quot;no&quot;}\" data-showme=\"image-21\" href=\"#\">\n\t\t\t\t<\/a>\n\t\t<a class=\"elementor-element elementor-element-8c3a8ed e-con-full e-flex e-con e-child\" data-id=\"8c3a8ed\" data-element_type=\"container\" data-e-type=\"container\" data-settings=\"{&quot;background_background&quot;:&quot;classic&quot;,&quot;_ob_use_container_extras&quot;:&quot;no&quot;}\" data-showme=\"image-22\" href=\"#\">\n\t\t\t\t<\/a>\n\t\t<a class=\"elementor-element elementor-element-618f773 e-con-full e-flex e-con e-child\" data-id=\"618f773\" data-element_type=\"container\" data-e-type=\"container\" data-settings=\"{&quot;background_background&quot;:&quot;classic&quot;,&quot;_ob_use_container_extras&quot;:&quot;no&quot;}\" data-showme=\"image-23\" href=\"#\">\n\t\t\t\t<\/a>\n\t\t<a class=\"elementor-element elementor-element-18c5367 e-con-full e-flex e-con e-child\" data-id=\"18c5367\" data-element_type=\"container\" data-e-type=\"container\" data-settings=\"{&quot;background_background&quot;:&quot;classic&quot;,&quot;_ob_use_container_extras&quot;:&quot;no&quot;}\" data-showme=\"image-24\" href=\"#\">\n\t\t\t\t<\/a>\n\t\t\t\t<\/div>\n\t\t\t\t<\/div>\n\t\t\t\t<\/div>\n\t\t\t\t<\/div>\n\t\t\t\t<\/div>\n\t\t<div class=\"elementor-element elementor-element-461f1ea4 e-con-full elementor-hidden-desktop elementor-hidden-tablet e-flex e-con e-child\" data-id=\"461f1ea4\" data-element_type=\"container\" data-e-type=\"container\" data-settings=\"{&quot;_ob_use_container_extras&quot;:&quot;no&quot;}\">\n\t\t<div class=\"elementor-element elementor-element-3e7a33d8 e-con-full e-flex e-con e-child\" data-id=\"3e7a33d8\" data-element_type=\"container\" data-e-type=\"container\" data-settings=\"{&quot;_ob_use_container_extras&quot;:&quot;no&quot;}\">\n\t\t\t\t<div class=\"elementor-element elementor-element-7a4771ac elementor-widget elementor-widget-text-editor\" data-id=\"7a4771ac\" data-element_type=\"widget\" data-e-type=\"widget\" data-widget_type=\"text-editor.default\">\n\t\t\t\t<div class=\"elementor-widget-container\">\n\t\t\t\t\t\t\t\t\t<p>Stadtvilla Bremen<\/p>\t\t\t\t\t\t\t\t<\/div>\n\t\t\t\t<\/div>\n\t\t\t\t<div class=\"elementor-element elementor-element-407d8bb8 elementor-widget elementor-widget-text-editor\" data-id=\"407d8bb8\" data-element_type=\"widget\" data-e-type=\"widget\" data-widget_type=\"text-editor.default\">\n\t\t\t\t<div class=\"elementor-widget-container\">\n\t\t\t\t\t\t\t\t\t<p>Innenarchitektur Wohnen<br>445 qm | Berlin | 2023\u20132025<\/p>\t\t\t\t\t\t\t\t<\/div>\n\t\t\t\t<\/div>\n\t\t\t\t<\/div>\n\t\t<div class=\"elementor-element elementor-element-75bd44b1 e-con-full e-flex e-con e-child\" data-id=\"75bd44b1\" data-element_type=\"container\" data-e-type=\"container\" data-settings=\"{&quot;_ob_use_container_extras&quot;:&quot;no&quot;}\">\n\t\t\t\t<div class=\"elementor-element elementor-element-53e110f elementor-widget elementor-widget-image\" data-id=\"53e110f\" data-element_type=\"widget\" data-e-type=\"widget\" data-widget_type=\"image.default\">\n\t\t\t\t<div class=\"elementor-widget-container\">\n\t\t\t\t\t\t\t\t\t\t\t\t\t\t\t<img loading=\"lazy\" decoding=\"async\" width=\"1280\" height=\"1920\" src=\"https:\/\/studiolineatur.com\/wp-content\/uploads\/02_lineatur_residential_interior_architecture_private_villa_bremen.jpg\" class=\"attachment-portrait size-portrait wp-image-5249\" alt=\"\" srcset=\"https:\/\/studiolineatur.com\/wp-content\/uploads\/02_lineatur_residential_interior_architecture_private_villa_bremen.jpg 1280w, https:\/\/studiolineatur.com\/wp-content\/uploads\/02_lineatur_residential_interior_architecture_private_villa_bremen-200x300.jpg 200w, https:\/\/studiolineatur.com\/wp-content\/uploads\/02_lineatur_residential_interior_architecture_private_villa_bremen-683x1024.jpg 683w, https:\/\/studiolineatur.com\/wp-content\/uploads\/02_lineatur_residential_interior_architecture_private_villa_bremen-768x1152.jpg 768w, https:\/\/studiolineatur.com\/wp-content\/uploads\/02_lineatur_residential_interior_architecture_private_villa_bremen-1024x1536.jpg 1024w, https:\/\/studiolineatur.com\/wp-content\/uploads\/02_lineatur_residential_interior_architecture_private_villa_bremen-853x1280.jpg 853w, https:\/\/studiolineatur.com\/wp-content\/uploads\/02_lineatur_residential_interior_architecture_private_villa_bremen-533x800.jpg 533w\" sizes=\"(max-width: 1280px) 100vw, 1280px\" \/>\t\t\t\t\t\t\t\t\t\t\t\t\t\t\t<\/div>\n\t\t\t\t<\/div>\n\t\t\t\t<div class=\"elementor-element elementor-element-8187295 elementor-widget elementor-widget-text-editor\" data-id=\"8187295\" data-element_type=\"widget\" data-e-type=\"widget\" data-widget_type=\"text-editor.default\">\n\t\t\t\t<div class=\"elementor-widget-container\">\n\t\t\t\t\t\t\t\t\t<p>Projektteam<br>Janis Nachtigall, Claudia De Klerk<\/p><p>Leistungen<br>Konzeption, Vorplanung, Entwurfsplanung, Planung von Einbauten, M\u00f6belkuratierung, Lichtauswahl in Zusammenarbeit mit PSLab, Budgetierung, Ausf\u00fchrungsplanung, Ausschreibung &amp; Vergabe, Bauleitung<\/p><p>Partner<br><a href=\"https:\/\/pslab.lighting\">PSLab<\/a>, <a href=\"https:\/\/www.innenausbau-grote-gmbh.de\">Innenausbau Grote<\/a>, <a href=\"https:\/\/kathmann-bau.de\">Kathmann Bauunternehmung<\/a>, <a href=\"https:\/\/www.jung-group.com\/de-DE\/\">Jung<\/a>, <a href=\"https:\/\/stleointeriors.com\">St. Leo<\/a>, <a href=\"https:\/\/www.nen-do.de\">nen-do<\/a>, <a href=\"https:\/\/vescom.com\/de\">Vescom<\/a>, <a href=\"https:\/\/betonvivet.com\/de\/\">Beton Vivet<\/a>, <a href=\"https:\/\/www.mipa-paints.com\">Mipa<\/a>, <a href=\"https:\/\/www.marazzi.de\/\">Marazzi<\/a>, <a href=\"https:\/\/fondovalle.it\/de\/\">Fondovalle<\/a>, <a href=\"https:\/\/www.winckelmans.com\/en\/\">Winckelmans<\/a>, <a href=\"https:\/\/grassipietre.de\/\">Pietri Grassi<\/a>, <a href=\"https:\/\/en.gruppobardelli.com\/ceramica-vogue\/\">Ceramica Vogue<\/a>, <a href=\"https:\/\/www.tubesradiatori.com\/de\/\">Tubes Radiatori<\/a>,                <a href=\"https:\/\/hotbath.it\/de\/home\">Hotbath<\/a>, <a href=\"https:\/\/www.herzbach.com\/\">Herzbach<\/a>, <a href=\"https:\/\/www.koperenkranen.be\/\">KoperenKranen<\/a>, <a href=\"https:\/\/www.ceramicacielo.it\/en\">Ceramica Cielo<\/a>, <a href=\"https:\/\/de.dedar.com\/\">Dedar Kvadrat<\/a>, <a href=\"https:\/\/astrid.se\/en\">Astrid Textiles<\/a>, <a href=\"https:\/\/www.casamance.com\/en\/\">Casamance<\/a>, <a href=\"https:\/\/nya.com\/\">Nya Nordiska<\/a>, <a href=\"https:\/\/www.ludvigsvensson.com\/\">Ludvig Svensson<\/a>,          <a href=\"https:\/\/noel-marquet.de\/de\/\">Noel &amp; Marquet<\/a><\/p><p>Fotografie<br><a href=\"https:\/\/www.torharrison.com\">Tor Harrison<\/a><\/p>\t\t\t\t\t\t\t\t<\/div>\n\t\t\t\t<\/div>\n\t\t\t\t<div class=\"elementor-element elementor-element-e975f60 elementor-widget-divider--view-line elementor-widget elementor-widget-divider\" data-id=\"e975f60\" data-element_type=\"widget\" data-e-type=\"widget\" data-widget_type=\"divider.default\">\n\t\t\t\t<div class=\"elementor-widget-container\">\n\t\t\t\t\t\t\t<div class=\"elementor-divider\">\n\t\t\t<span class=\"elementor-divider-separator\">\n\t\t\t\t\t\t<\/span>\n\t\t<\/div>\n\t\t\t\t\t\t<\/div>\n\t\t\t\t<\/div>\n\t\t\t\t<div class=\"elementor-element elementor-element-bf49d63 elementor-widget elementor-widget-text-editor\" data-id=\"bf49d63\" data-element_type=\"widget\" data-e-type=\"widget\" data-widget_type=\"text-editor.default\">\n\t\t\t\t<div class=\"elementor-widget-container\">\n\t\t\t\t\t\t\t\t\t<h3 style=\"text-align: center;\">\u00bb Eine zeitlose Villa mit unverwechselbarer Handschrift. \u00ab<\/h3><p>In einem der sch\u00f6nsten Viertel Bremens bot sich uns die Gelegenheit, die Innenr\u00e4ume einer charmanten Villa aus dem Jahr 1928 neu zu denken und zugleich ihre energetische Sanierung zu planen und zu begleiten. Unser Ziel war es, die klassische Eleganz des Geb\u00e4udes zu bewahren und gleichzeitig ein zeitgem\u00e4\u00dfes, gro\u00dfz\u00fcgiges und alltagstaugliches Zuhause f\u00fcr eine f\u00fcnfk\u00f6pfige Familie zu schaffen. In enger Zusammenarbeit mit den Bauherren entwickelten wir ein ganzheitliches Konzept mit Fokus auf nat\u00fcrliche Materialien, warme Farbwelten, funktionale Rauml\u00f6sungen und feine, \u00fcberraschende Momente.  <\/p><p>Wir gestalteten alle drei Wohnetagen sowie den G\u00e4stebereich und die separate Wohnung im Souterrain mit gro\u00dfer Liebe zum Detail \u2013 reduziert, lichtdurchflutet und hochwertig.<\/p><p>Durch gezielte Anpassungen der Grundrisse \u00f6ffneten wir die Wohnbereiche und konzentrierten uns auf eine moderne, klare Raumstruktur, die auf die Bed\u00fcrfnisse der Familie zugeschnitten ist. Im Erdgeschoss f\u00fchrten wir die zuvor getrennten Wohn- und Esszimmer zu einem gro\u00dfz\u00fcgigen, offenen Wohnraum zusammen, der die ma\u00dfgefertigte K\u00fcche aus Eiche, Naturstein und Messing, den Essbereich und ein gro\u00dfes, einladendes Familiensofa harmonisch verbindet. Ein besonderes Highlight ist der ma\u00dfgefertigte Kamin, der nahtlos in die Formensprache der K\u00fcche integriert ist.  <\/p><p>Der private R\u00fcckzugsbereich im Obergeschoss vereint Schlafzimmer, Ankleide und Bad en suite zu einer flie\u00dfenden, harmonischen Einheit. Mit klaren Linien, warmen Materialien und sanften T\u00f6nen schufen wir eine Atmosph\u00e4re der Ruhe und Geborgenheit. Ma\u00dfgeschneiderte Einbauten bieten den notwendigen Stauraum und definieren den Raum zugleich klar.  <\/p><p>Die Kinderzimmer \u2013 im Ober- und Dachgeschoss gelegen \u2013 wurden mit Blick auf Flexibilit\u00e4t und Alltagstauglichkeit gestaltet. Durchdachte Einbauten bieten praktischen Stauraum, w\u00e4hrend sanfte Farbkombinationen und lineare Muster den R\u00e4umen Leichtigkeit und einen spielerischen Charakter verleihen. <\/p><p>Von der Konzeptentwicklung bis ins feinste Detail begleiteten wir dieses Projekt ganzheitlich \u2013 sowohl gestalterisch als auch in der Umsetzung.<br>Das Ergebnis: eine zeitlose Villa mit unverwechselbarer Handschrift und viel Raum f\u00fcr neue Erinnerungen.<\/p>\t\t\t\t\t\t\t\t<\/div>\n\t\t\t\t<\/div>\n\t\t\t\t<div class=\"elementor-element elementor-element-a9fafe7 elementor-widget elementor-widget-image\" data-id=\"a9fafe7\" data-element_type=\"widget\" data-e-type=\"widget\" data-widget_type=\"image.default\">\n\t\t\t\t<div class=\"elementor-widget-container\">\n\t\t\t\t\t\t\t\t\t\t\t\t\t\t\t<img loading=\"lazy\" decoding=\"async\" width=\"800\" height=\"707\" src=\"https:\/\/studiolineatur.com\/wp-content\/uploads\/04_Lineatur_interior_architecture_Villa_Bremen_fassade-1-1024x905.png\" class=\"attachment-large size-large wp-image-5273\" alt=\"\" srcset=\"https:\/\/studiolineatur.com\/wp-content\/uploads\/04_Lineatur_interior_architecture_Villa_Bremen_fassade-1-1024x905.png 1024w, https:\/\/studiolineatur.com\/wp-content\/uploads\/04_Lineatur_interior_architecture_Villa_Bremen_fassade-1-300x265.png 300w, https:\/\/studiolineatur.com\/wp-content\/uploads\/04_Lineatur_interior_architecture_Villa_Bremen_fassade-1-768x679.png 768w, https:\/\/studiolineatur.com\/wp-content\/uploads\/04_Lineatur_interior_architecture_Villa_Bremen_fassade-1-1536x1358.png 1536w, https:\/\/studiolineatur.com\/wp-content\/uploads\/04_Lineatur_interior_architecture_Villa_Bremen_fassade-1-1448x1280.png 1448w, https:\/\/studiolineatur.com\/wp-content\/uploads\/04_Lineatur_interior_architecture_Villa_Bremen_fassade-1-800x707.png 800w, https:\/\/studiolineatur.com\/wp-content\/uploads\/04_Lineatur_interior_architecture_Villa_Bremen_fassade-1.png 1920w\" sizes=\"(max-width: 800px) 100vw, 800px\" \/>\t\t\t\t\t\t\t\t\t\t\t\t\t\t\t<\/div>\n\t\t\t\t<\/div>\n\t\t\t\t<div class=\"elementor-element elementor-element-109bfda0 elementor-widget elementor-widget-image\" data-id=\"109bfda0\" data-element_type=\"widget\" data-e-type=\"widget\" data-widget_type=\"image.default\">\n\t\t\t\t<div class=\"elementor-widget-container\">\n\t\t\t\t\t\t\t\t\t\t\t\t\t\t\t<img loading=\"lazy\" decoding=\"async\" width=\"800\" height=\"791\" src=\"https:\/\/studiolineatur.com\/wp-content\/uploads\/01_Lineatur_interior_architecture_Villa_Bremen_floorplan-1-1024x1013.png\" class=\"attachment-large size-large wp-image-5274\" alt=\"\" srcset=\"https:\/\/studiolineatur.com\/wp-content\/uploads\/01_Lineatur_interior_architecture_Villa_Bremen_floorplan-1-1024x1013.png 1024w, https:\/\/studiolineatur.com\/wp-content\/uploads\/01_Lineatur_interior_architecture_Villa_Bremen_floorplan-1-300x297.png 300w, https:\/\/studiolineatur.com\/wp-content\/uploads\/01_Lineatur_interior_architecture_Villa_Bremen_floorplan-1-768x760.png 768w, https:\/\/studiolineatur.com\/wp-content\/uploads\/01_Lineatur_interior_architecture_Villa_Bremen_floorplan-1-1536x1520.png 1536w, https:\/\/studiolineatur.com\/wp-content\/uploads\/01_Lineatur_interior_architecture_Villa_Bremen_floorplan-1-1293x1280.png 1293w, https:\/\/studiolineatur.com\/wp-content\/uploads\/01_Lineatur_interior_architecture_Villa_Bremen_floorplan-1-800x792.png 800w, https:\/\/studiolineatur.com\/wp-content\/uploads\/01_Lineatur_interior_architecture_Villa_Bremen_floorplan-1.png 1920w\" sizes=\"(max-width: 800px) 100vw, 800px\" \/>\t\t\t\t\t\t\t\t\t\t\t\t\t\t\t<\/div>\n\t\t\t\t<\/div>\n\t\t\t\t<div class=\"elementor-element elementor-element-de541a5 elementor-widget elementor-widget-image\" data-id=\"de541a5\" data-element_type=\"widget\" data-e-type=\"widget\" data-widget_type=\"image.default\">\n\t\t\t\t<div class=\"elementor-widget-container\">\n\t\t\t\t\t\t\t\t\t\t\t\t\t\t\t<img loading=\"lazy\" decoding=\"async\" width=\"853\" height=\"1280\" src=\"https:\/\/studiolineatur.com\/wp-content\/uploads\/00_lineatur_residential_interior_architecture_private_villa_bremen-853x1280.jpg\" class=\"attachment-landscape size-landscape wp-image-5281\" alt=\"\" srcset=\"https:\/\/studiolineatur.com\/wp-content\/uploads\/00_lineatur_residential_interior_architecture_private_villa_bremen-853x1280.jpg 853w, https:\/\/studiolineatur.com\/wp-content\/uploads\/00_lineatur_residential_interior_architecture_private_villa_bremen-200x300.jpg 200w, https:\/\/studiolineatur.com\/wp-content\/uploads\/00_lineatur_residential_interior_architecture_private_villa_bremen-683x1024.jpg 683w, https:\/\/studiolineatur.com\/wp-content\/uploads\/00_lineatur_residential_interior_architecture_private_villa_bremen-768x1152.jpg 768w, https:\/\/studiolineatur.com\/wp-content\/uploads\/00_lineatur_residential_interior_architecture_private_villa_bremen-1024x1536.jpg 1024w, https:\/\/studiolineatur.com\/wp-content\/uploads\/00_lineatur_residential_interior_architecture_private_villa_bremen-533x800.jpg 533w, https:\/\/studiolineatur.com\/wp-content\/uploads\/00_lineatur_residential_interior_architecture_private_villa_bremen.jpg 1280w\" sizes=\"(max-width: 853px) 100vw, 853px\" \/>\t\t\t\t\t\t\t\t\t\t\t\t\t\t\t<\/div>\n\t\t\t\t<\/div>\n\t\t\t\t<div class=\"elementor-element elementor-element-8dfaf8e elementor-widget elementor-widget-image\" data-id=\"8dfaf8e\" data-element_type=\"widget\" data-e-type=\"widget\" data-widget_type=\"image.default\">\n\t\t\t\t<div class=\"elementor-widget-container\">\n\t\t\t\t\t\t\t\t\t\t\t\t\t\t\t<img loading=\"lazy\" decoding=\"async\" width=\"853\" height=\"1280\" src=\"https:\/\/studiolineatur.com\/wp-content\/uploads\/02_lineatur_residential_interior_architecture_private_villa_bremen-853x1280.jpg\" class=\"attachment-landscape size-landscape wp-image-5249\" alt=\"\" srcset=\"https:\/\/studiolineatur.com\/wp-content\/uploads\/02_lineatur_residential_interior_architecture_private_villa_bremen-853x1280.jpg 853w, https:\/\/studiolineatur.com\/wp-content\/uploads\/02_lineatur_residential_interior_architecture_private_villa_bremen-200x300.jpg 200w, https:\/\/studiolineatur.com\/wp-content\/uploads\/02_lineatur_residential_interior_architecture_private_villa_bremen-683x1024.jpg 683w, https:\/\/studiolineatur.com\/wp-content\/uploads\/02_lineatur_residential_interior_architecture_private_villa_bremen-768x1152.jpg 768w, https:\/\/studiolineatur.com\/wp-content\/uploads\/02_lineatur_residential_interior_architecture_private_villa_bremen-1024x1536.jpg 1024w, https:\/\/studiolineatur.com\/wp-content\/uploads\/02_lineatur_residential_interior_architecture_private_villa_bremen-533x800.jpg 533w, https:\/\/studiolineatur.com\/wp-content\/uploads\/02_lineatur_residential_interior_architecture_private_villa_bremen.jpg 1280w\" sizes=\"(max-width: 853px) 100vw, 853px\" \/>\t\t\t\t\t\t\t\t\t\t\t\t\t\t\t<\/div>\n\t\t\t\t<\/div>\n\t\t\t\t<div class=\"elementor-element elementor-element-c40b9d4 elementor-widget elementor-widget-image\" data-id=\"c40b9d4\" data-element_type=\"widget\" data-e-type=\"widget\" data-widget_type=\"image.default\">\n\t\t\t\t<div class=\"elementor-widget-container\">\n\t\t\t\t\t\t\t\t\t\t\t\t\t\t\t<img loading=\"lazy\" decoding=\"async\" width=\"853\" height=\"1280\" src=\"https:\/\/studiolineatur.com\/wp-content\/uploads\/03_lineatur_residential_interior_architecture_private_villa_bremen-853x1280.jpg\" class=\"attachment-landscape size-landscape wp-image-5250\" alt=\"\" srcset=\"https:\/\/studiolineatur.com\/wp-content\/uploads\/03_lineatur_residential_interior_architecture_private_villa_bremen-853x1280.jpg 853w, https:\/\/studiolineatur.com\/wp-content\/uploads\/03_lineatur_residential_interior_architecture_private_villa_bremen-200x300.jpg 200w, https:\/\/studiolineatur.com\/wp-content\/uploads\/03_lineatur_residential_interior_architecture_private_villa_bremen-683x1024.jpg 683w, https:\/\/studiolineatur.com\/wp-content\/uploads\/03_lineatur_residential_interior_architecture_private_villa_bremen-768x1152.jpg 768w, https:\/\/studiolineatur.com\/wp-content\/uploads\/03_lineatur_residential_interior_architecture_private_villa_bremen-1024x1536.jpg 1024w, https:\/\/studiolineatur.com\/wp-content\/uploads\/03_lineatur_residential_interior_architecture_private_villa_bremen-533x800.jpg 533w, https:\/\/studiolineatur.com\/wp-content\/uploads\/03_lineatur_residential_interior_architecture_private_villa_bremen.jpg 1280w\" sizes=\"(max-width: 853px) 100vw, 853px\" \/>\t\t\t\t\t\t\t\t\t\t\t\t\t\t\t<\/div>\n\t\t\t\t<\/div>\n\t\t\t\t<div class=\"elementor-element elementor-element-718674c elementor-widget elementor-widget-image\" data-id=\"718674c\" data-element_type=\"widget\" data-e-type=\"widget\" data-widget_type=\"image.default\">\n\t\t\t\t<div class=\"elementor-widget-container\">\n\t\t\t\t\t\t\t\t\t\t\t\t\t\t\t<img loading=\"lazy\" decoding=\"async\" width=\"853\" height=\"1280\" src=\"https:\/\/studiolineatur.com\/wp-content\/uploads\/04_lineatur_residential_interior_architecture_private_villa_bremen-853x1280.jpg\" class=\"attachment-landscape size-landscape wp-image-5251\" alt=\"\" srcset=\"https:\/\/studiolineatur.com\/wp-content\/uploads\/04_lineatur_residential_interior_architecture_private_villa_bremen-853x1280.jpg 853w, https:\/\/studiolineatur.com\/wp-content\/uploads\/04_lineatur_residential_interior_architecture_private_villa_bremen-200x300.jpg 200w, https:\/\/studiolineatur.com\/wp-content\/uploads\/04_lineatur_residential_interior_architecture_private_villa_bremen-683x1024.jpg 683w, https:\/\/studiolineatur.com\/wp-content\/uploads\/04_lineatur_residential_interior_architecture_private_villa_bremen-768x1152.jpg 768w, https:\/\/studiolineatur.com\/wp-content\/uploads\/04_lineatur_residential_interior_architecture_private_villa_bremen-1024x1536.jpg 1024w, https:\/\/studiolineatur.com\/wp-content\/uploads\/04_lineatur_residential_interior_architecture_private_villa_bremen-533x800.jpg 533w, https:\/\/studiolineatur.com\/wp-content\/uploads\/04_lineatur_residential_interior_architecture_private_villa_bremen.jpg 1280w\" sizes=\"(max-width: 853px) 100vw, 853px\" \/>\t\t\t\t\t\t\t\t\t\t\t\t\t\t\t<\/div>\n\t\t\t\t<\/div>\n\t\t\t\t<div class=\"elementor-element elementor-element-f578563 elementor-widget elementor-widget-image\" data-id=\"f578563\" data-element_type=\"widget\" data-e-type=\"widget\" data-widget_type=\"image.default\">\n\t\t\t\t<div class=\"elementor-widget-container\">\n\t\t\t\t\t\t\t\t\t\t\t\t\t\t\t<img loading=\"lazy\" decoding=\"async\" width=\"853\" height=\"1280\" src=\"https:\/\/studiolineatur.com\/wp-content\/uploads\/05_lineatur_residential_interior_architecture_private_villa_bremen-853x1280.jpg\" class=\"attachment-landscape size-landscape wp-image-5252\" alt=\"\" srcset=\"https:\/\/studiolineatur.com\/wp-content\/uploads\/05_lineatur_residential_interior_architecture_private_villa_bremen-853x1280.jpg 853w, https:\/\/studiolineatur.com\/wp-content\/uploads\/05_lineatur_residential_interior_architecture_private_villa_bremen-200x300.jpg 200w, https:\/\/studiolineatur.com\/wp-content\/uploads\/05_lineatur_residential_interior_architecture_private_villa_bremen-683x1024.jpg 683w, https:\/\/studiolineatur.com\/wp-content\/uploads\/05_lineatur_residential_interior_architecture_private_villa_bremen-768x1152.jpg 768w, https:\/\/studiolineatur.com\/wp-content\/uploads\/05_lineatur_residential_interior_architecture_private_villa_bremen-1024x1536.jpg 1024w, https:\/\/studiolineatur.com\/wp-content\/uploads\/05_lineatur_residential_interior_architecture_private_villa_bremen-533x800.jpg 533w, https:\/\/studiolineatur.com\/wp-content\/uploads\/05_lineatur_residential_interior_architecture_private_villa_bremen.jpg 1280w\" sizes=\"(max-width: 853px) 100vw, 853px\" \/>\t\t\t\t\t\t\t\t\t\t\t\t\t\t\t<\/div>\n\t\t\t\t<\/div>\n\t\t\t\t<div class=\"elementor-element elementor-element-c4096ec elementor-widget elementor-widget-image\" data-id=\"c4096ec\" data-element_type=\"widget\" data-e-type=\"widget\" data-widget_type=\"image.default\">\n\t\t\t\t<div class=\"elementor-widget-container\">\n\t\t\t\t\t\t\t\t\t\t\t\t\t\t\t<img loading=\"lazy\" decoding=\"async\" width=\"800\" height=\"773\" src=\"https:\/\/studiolineatur.com\/wp-content\/uploads\/02_Lineatur_interior_architecture_Villa_Bremen_sections-1-1024x989.png\" class=\"attachment-large size-large wp-image-5275\" alt=\"\" srcset=\"https:\/\/studiolineatur.com\/wp-content\/uploads\/02_Lineatur_interior_architecture_Villa_Bremen_sections-1-1024x989.png 1024w, https:\/\/studiolineatur.com\/wp-content\/uploads\/02_Lineatur_interior_architecture_Villa_Bremen_sections-1-300x290.png 300w, https:\/\/studiolineatur.com\/wp-content\/uploads\/02_Lineatur_interior_architecture_Villa_Bremen_sections-1-768x742.png 768w, https:\/\/studiolineatur.com\/wp-content\/uploads\/02_Lineatur_interior_architecture_Villa_Bremen_sections-1-1536x1484.png 1536w, https:\/\/studiolineatur.com\/wp-content\/uploads\/02_Lineatur_interior_architecture_Villa_Bremen_sections-1-1325x1280.png 1325w, https:\/\/studiolineatur.com\/wp-content\/uploads\/02_Lineatur_interior_architecture_Villa_Bremen_sections-1-800x773.png 800w, https:\/\/studiolineatur.com\/wp-content\/uploads\/02_Lineatur_interior_architecture_Villa_Bremen_sections-1.png 1920w\" sizes=\"(max-width: 800px) 100vw, 800px\" \/>\t\t\t\t\t\t\t\t\t\t\t\t\t\t\t<\/div>\n\t\t\t\t<\/div>\n\t\t\t\t<div class=\"elementor-element elementor-element-f0cccc5 elementor-widget elementor-widget-image\" data-id=\"f0cccc5\" data-element_type=\"widget\" data-e-type=\"widget\" data-widget_type=\"image.default\">\n\t\t\t\t<div class=\"elementor-widget-container\">\n\t\t\t\t\t\t\t\t\t\t\t\t\t\t\t<img loading=\"lazy\" decoding=\"async\" width=\"853\" height=\"1280\" src=\"https:\/\/studiolineatur.com\/wp-content\/uploads\/06_lineatur_residential_interior_architecture_private_villa_bremen-853x1280.jpg\" class=\"attachment-landscape size-landscape wp-image-5253\" alt=\"\" srcset=\"https:\/\/studiolineatur.com\/wp-content\/uploads\/06_lineatur_residential_interior_architecture_private_villa_bremen-853x1280.jpg 853w, https:\/\/studiolineatur.com\/wp-content\/uploads\/06_lineatur_residential_interior_architecture_private_villa_bremen-200x300.jpg 200w, https:\/\/studiolineatur.com\/wp-content\/uploads\/06_lineatur_residential_interior_architecture_private_villa_bremen-683x1024.jpg 683w, https:\/\/studiolineatur.com\/wp-content\/uploads\/06_lineatur_residential_interior_architecture_private_villa_bremen-768x1152.jpg 768w, https:\/\/studiolineatur.com\/wp-content\/uploads\/06_lineatur_residential_interior_architecture_private_villa_bremen-1024x1536.jpg 1024w, https:\/\/studiolineatur.com\/wp-content\/uploads\/06_lineatur_residential_interior_architecture_private_villa_bremen-533x800.jpg 533w, https:\/\/studiolineatur.com\/wp-content\/uploads\/06_lineatur_residential_interior_architecture_private_villa_bremen.jpg 1280w\" sizes=\"(max-width: 853px) 100vw, 853px\" \/>\t\t\t\t\t\t\t\t\t\t\t\t\t\t\t<\/div>\n\t\t\t\t<\/div>\n\t\t\t\t<div class=\"elementor-element elementor-element-6a4aaa7 elementor-widget elementor-widget-image\" data-id=\"6a4aaa7\" data-element_type=\"widget\" data-e-type=\"widget\" data-widget_type=\"image.default\">\n\t\t\t\t<div class=\"elementor-widget-container\">\n\t\t\t\t\t\t\t\t\t\t\t\t\t\t\t<img loading=\"lazy\" decoding=\"async\" width=\"853\" height=\"1280\" src=\"https:\/\/studiolineatur.com\/wp-content\/uploads\/07_lineatur_residential_interior_architecture_private_villa_bremen-853x1280.jpg\" class=\"attachment-landscape size-landscape wp-image-5254\" alt=\"\" srcset=\"https:\/\/studiolineatur.com\/wp-content\/uploads\/07_lineatur_residential_interior_architecture_private_villa_bremen-853x1280.jpg 853w, https:\/\/studiolineatur.com\/wp-content\/uploads\/07_lineatur_residential_interior_architecture_private_villa_bremen-200x300.jpg 200w, https:\/\/studiolineatur.com\/wp-content\/uploads\/07_lineatur_residential_interior_architecture_private_villa_bremen-683x1024.jpg 683w, https:\/\/studiolineatur.com\/wp-content\/uploads\/07_lineatur_residential_interior_architecture_private_villa_bremen-768x1152.jpg 768w, https:\/\/studiolineatur.com\/wp-content\/uploads\/07_lineatur_residential_interior_architecture_private_villa_bremen-1024x1536.jpg 1024w, https:\/\/studiolineatur.com\/wp-content\/uploads\/07_lineatur_residential_interior_architecture_private_villa_bremen-533x800.jpg 533w, https:\/\/studiolineatur.com\/wp-content\/uploads\/07_lineatur_residential_interior_architecture_private_villa_bremen.jpg 1280w\" sizes=\"(max-width: 853px) 100vw, 853px\" \/>\t\t\t\t\t\t\t\t\t\t\t\t\t\t\t<\/div>\n\t\t\t\t<\/div>\n\t\t\t\t<div class=\"elementor-element elementor-element-dc3f69c elementor-widget elementor-widget-image\" data-id=\"dc3f69c\" data-element_type=\"widget\" data-e-type=\"widget\" data-widget_type=\"image.default\">\n\t\t\t\t<div class=\"elementor-widget-container\">\n\t\t\t\t\t\t\t\t\t\t\t\t\t\t\t<img loading=\"lazy\" decoding=\"async\" width=\"1713\" height=\"1280\" src=\"https:\/\/studiolineatur.com\/wp-content\/uploads\/04_Lineatur_interior_architecture_Villa_Bremen_fireplace-1713x1280.png\" class=\"attachment-landscape size-landscape wp-image-5278\" alt=\"\" srcset=\"https:\/\/studiolineatur.com\/wp-content\/uploads\/04_Lineatur_interior_architecture_Villa_Bremen_fireplace-1713x1280.png 1713w, https:\/\/studiolineatur.com\/wp-content\/uploads\/04_Lineatur_interior_architecture_Villa_Bremen_fireplace-300x224.png 300w, https:\/\/studiolineatur.com\/wp-content\/uploads\/04_Lineatur_interior_architecture_Villa_Bremen_fireplace-1024x765.png 1024w, https:\/\/studiolineatur.com\/wp-content\/uploads\/04_Lineatur_interior_architecture_Villa_Bremen_fireplace-768x574.png 768w, https:\/\/studiolineatur.com\/wp-content\/uploads\/04_Lineatur_interior_architecture_Villa_Bremen_fireplace-1536x1148.png 1536w, https:\/\/studiolineatur.com\/wp-content\/uploads\/04_Lineatur_interior_architecture_Villa_Bremen_fireplace-800x598.png 800w, https:\/\/studiolineatur.com\/wp-content\/uploads\/04_Lineatur_interior_architecture_Villa_Bremen_fireplace.png 1920w\" sizes=\"(max-width: 1713px) 100vw, 1713px\" \/>\t\t\t\t\t\t\t\t\t\t\t\t\t\t\t<\/div>\n\t\t\t\t<\/div>\n\t\t\t\t<div class=\"elementor-element elementor-element-2c73238 elementor-widget elementor-widget-image\" data-id=\"2c73238\" data-element_type=\"widget\" data-e-type=\"widget\" data-widget_type=\"image.default\">\n\t\t\t\t<div class=\"elementor-widget-container\">\n\t\t\t\t\t\t\t\t\t\t\t\t\t\t\t<img loading=\"lazy\" decoding=\"async\" width=\"800\" height=\"783\" src=\"https:\/\/studiolineatur.com\/wp-content\/uploads\/01_Lineatur_interior_architecture_Villa_Bremen_floorplan_1st-floor-1024x1002.png\" class=\"attachment-large size-large wp-image-5276\" alt=\"\" srcset=\"https:\/\/studiolineatur.com\/wp-content\/uploads\/01_Lineatur_interior_architecture_Villa_Bremen_floorplan_1st-floor-1024x1002.png 1024w, https:\/\/studiolineatur.com\/wp-content\/uploads\/01_Lineatur_interior_architecture_Villa_Bremen_floorplan_1st-floor-300x294.png 300w, https:\/\/studiolineatur.com\/wp-content\/uploads\/01_Lineatur_interior_architecture_Villa_Bremen_floorplan_1st-floor-768x752.png 768w, https:\/\/studiolineatur.com\/wp-content\/uploads\/01_Lineatur_interior_architecture_Villa_Bremen_floorplan_1st-floor-800x783.png 800w, https:\/\/studiolineatur.com\/wp-content\/uploads\/01_Lineatur_interior_architecture_Villa_Bremen_floorplan_1st-floor.png 1280w\" sizes=\"(max-width: 800px) 100vw, 800px\" \/>\t\t\t\t\t\t\t\t\t\t\t\t\t\t\t<\/div>\n\t\t\t\t<\/div>\n\t\t\t\t<div class=\"elementor-element elementor-element-4eb5bad elementor-widget elementor-widget-image\" data-id=\"4eb5bad\" data-element_type=\"widget\" data-e-type=\"widget\" data-widget_type=\"image.default\">\n\t\t\t\t<div class=\"elementor-widget-container\">\n\t\t\t\t\t\t\t\t\t\t\t\t\t\t\t<img loading=\"lazy\" decoding=\"async\" width=\"853\" height=\"1280\" src=\"https:\/\/studiolineatur.com\/wp-content\/uploads\/08_lineatur_residential_interior_architecture_private_villa_bremen-853x1280.jpg\" class=\"attachment-landscape size-landscape wp-image-5255\" alt=\"\" srcset=\"https:\/\/studiolineatur.com\/wp-content\/uploads\/08_lineatur_residential_interior_architecture_private_villa_bremen-853x1280.jpg 853w, https:\/\/studiolineatur.com\/wp-content\/uploads\/08_lineatur_residential_interior_architecture_private_villa_bremen-200x300.jpg 200w, https:\/\/studiolineatur.com\/wp-content\/uploads\/08_lineatur_residential_interior_architecture_private_villa_bremen-683x1024.jpg 683w, https:\/\/studiolineatur.com\/wp-content\/uploads\/08_lineatur_residential_interior_architecture_private_villa_bremen-768x1152.jpg 768w, https:\/\/studiolineatur.com\/wp-content\/uploads\/08_lineatur_residential_interior_architecture_private_villa_bremen-1024x1536.jpg 1024w, https:\/\/studiolineatur.com\/wp-content\/uploads\/08_lineatur_residential_interior_architecture_private_villa_bremen-533x800.jpg 533w, https:\/\/studiolineatur.com\/wp-content\/uploads\/08_lineatur_residential_interior_architecture_private_villa_bremen.jpg 1280w\" sizes=\"(max-width: 853px) 100vw, 853px\" \/>\t\t\t\t\t\t\t\t\t\t\t\t\t\t\t<\/div>\n\t\t\t\t<\/div>\n\t\t\t\t<div class=\"elementor-element elementor-element-4776b1a elementor-widget elementor-widget-image\" data-id=\"4776b1a\" data-element_type=\"widget\" data-e-type=\"widget\" data-widget_type=\"image.default\">\n\t\t\t\t<div class=\"elementor-widget-container\">\n\t\t\t\t\t\t\t\t\t\t\t\t\t\t\t<img loading=\"lazy\" decoding=\"async\" width=\"853\" height=\"1280\" src=\"https:\/\/studiolineatur.com\/wp-content\/uploads\/09_lineatur_residential_interior_architecture_private_villa_bremen-853x1280.jpg\" class=\"attachment-landscape size-landscape wp-image-5256\" alt=\"\" srcset=\"https:\/\/studiolineatur.com\/wp-content\/uploads\/09_lineatur_residential_interior_architecture_private_villa_bremen-853x1280.jpg 853w, https:\/\/studiolineatur.com\/wp-content\/uploads\/09_lineatur_residential_interior_architecture_private_villa_bremen-200x300.jpg 200w, https:\/\/studiolineatur.com\/wp-content\/uploads\/09_lineatur_residential_interior_architecture_private_villa_bremen-683x1024.jpg 683w, https:\/\/studiolineatur.com\/wp-content\/uploads\/09_lineatur_residential_interior_architecture_private_villa_bremen-768x1152.jpg 768w, https:\/\/studiolineatur.com\/wp-content\/uploads\/09_lineatur_residential_interior_architecture_private_villa_bremen-1024x1536.jpg 1024w, https:\/\/studiolineatur.com\/wp-content\/uploads\/09_lineatur_residential_interior_architecture_private_villa_bremen-533x800.jpg 533w, https:\/\/studiolineatur.com\/wp-content\/uploads\/09_lineatur_residential_interior_architecture_private_villa_bremen.jpg 1280w\" sizes=\"(max-width: 853px) 100vw, 853px\" \/>\t\t\t\t\t\t\t\t\t\t\t\t\t\t\t<\/div>\n\t\t\t\t<\/div>\n\t\t\t\t<div class=\"elementor-element elementor-element-b3670cd elementor-widget elementor-widget-image\" data-id=\"b3670cd\" data-element_type=\"widget\" data-e-type=\"widget\" data-widget_type=\"image.default\">\n\t\t\t\t<div class=\"elementor-widget-container\">\n\t\t\t\t\t\t\t\t\t\t\t\t\t\t\t<img loading=\"lazy\" decoding=\"async\" width=\"1920\" height=\"1158\" src=\"https:\/\/studiolineatur.com\/wp-content\/uploads\/04_Lineatur_interior_architecture_Villa_Bremen_sleepingroom-2.png\" class=\"attachment-landscape size-landscape wp-image-5279\" alt=\"\" srcset=\"https:\/\/studiolineatur.com\/wp-content\/uploads\/04_Lineatur_interior_architecture_Villa_Bremen_sleepingroom-2.png 1920w, https:\/\/studiolineatur.com\/wp-content\/uploads\/04_Lineatur_interior_architecture_Villa_Bremen_sleepingroom-2-300x181.png 300w, https:\/\/studiolineatur.com\/wp-content\/uploads\/04_Lineatur_interior_architecture_Villa_Bremen_sleepingroom-2-1024x618.png 1024w, https:\/\/studiolineatur.com\/wp-content\/uploads\/04_Lineatur_interior_architecture_Villa_Bremen_sleepingroom-2-768x463.png 768w, https:\/\/studiolineatur.com\/wp-content\/uploads\/04_Lineatur_interior_architecture_Villa_Bremen_sleepingroom-2-1536x926.png 1536w, https:\/\/studiolineatur.com\/wp-content\/uploads\/04_Lineatur_interior_architecture_Villa_Bremen_sleepingroom-2-800x483.png 800w\" sizes=\"(max-width: 1920px) 100vw, 1920px\" \/>\t\t\t\t\t\t\t\t\t\t\t\t\t\t\t<\/div>\n\t\t\t\t<\/div>\n\t\t\t\t<div class=\"elementor-element elementor-element-4b9b0f2 elementor-widget elementor-widget-image\" data-id=\"4b9b0f2\" data-element_type=\"widget\" data-e-type=\"widget\" data-widget_type=\"image.default\">\n\t\t\t\t<div class=\"elementor-widget-container\">\n\t\t\t\t\t\t\t\t\t\t\t\t\t\t\t<img loading=\"lazy\" decoding=\"async\" width=\"853\" height=\"1280\" src=\"https:\/\/studiolineatur.com\/wp-content\/uploads\/10_lineatur_residential_interior_architecture_private_villa_bremen-853x1280.jpg\" class=\"attachment-landscape size-landscape wp-image-5257\" alt=\"\" srcset=\"https:\/\/studiolineatur.com\/wp-content\/uploads\/10_lineatur_residential_interior_architecture_private_villa_bremen-853x1280.jpg 853w, https:\/\/studiolineatur.com\/wp-content\/uploads\/10_lineatur_residential_interior_architecture_private_villa_bremen-200x300.jpg 200w, https:\/\/studiolineatur.com\/wp-content\/uploads\/10_lineatur_residential_interior_architecture_private_villa_bremen-683x1024.jpg 683w, https:\/\/studiolineatur.com\/wp-content\/uploads\/10_lineatur_residential_interior_architecture_private_villa_bremen-768x1152.jpg 768w, https:\/\/studiolineatur.com\/wp-content\/uploads\/10_lineatur_residential_interior_architecture_private_villa_bremen-1024x1536.jpg 1024w, https:\/\/studiolineatur.com\/wp-content\/uploads\/10_lineatur_residential_interior_architecture_private_villa_bremen-533x800.jpg 533w, https:\/\/studiolineatur.com\/wp-content\/uploads\/10_lineatur_residential_interior_architecture_private_villa_bremen.jpg 1280w\" sizes=\"(max-width: 853px) 100vw, 853px\" \/>\t\t\t\t\t\t\t\t\t\t\t\t\t\t\t<\/div>\n\t\t\t\t<\/div>\n\t\t\t\t<div class=\"elementor-element elementor-element-e0765d3 elementor-widget elementor-widget-image\" data-id=\"e0765d3\" data-element_type=\"widget\" data-e-type=\"widget\" data-widget_type=\"image.default\">\n\t\t\t\t<div class=\"elementor-widget-container\">\n\t\t\t\t\t\t\t\t\t\t\t\t\t\t\t<img loading=\"lazy\" decoding=\"async\" width=\"853\" height=\"1280\" src=\"https:\/\/studiolineatur.com\/wp-content\/uploads\/11_lineatur_residential_interior_architecture_private_villa_bremen-853x1280.jpg\" class=\"attachment-landscape size-landscape wp-image-5282\" alt=\"\" srcset=\"https:\/\/studiolineatur.com\/wp-content\/uploads\/11_lineatur_residential_interior_architecture_private_villa_bremen-853x1280.jpg 853w, https:\/\/studiolineatur.com\/wp-content\/uploads\/11_lineatur_residential_interior_architecture_private_villa_bremen-200x300.jpg 200w, https:\/\/studiolineatur.com\/wp-content\/uploads\/11_lineatur_residential_interior_architecture_private_villa_bremen-683x1024.jpg 683w, https:\/\/studiolineatur.com\/wp-content\/uploads\/11_lineatur_residential_interior_architecture_private_villa_bremen-768x1152.jpg 768w, https:\/\/studiolineatur.com\/wp-content\/uploads\/11_lineatur_residential_interior_architecture_private_villa_bremen-1024x1536.jpg 1024w, https:\/\/studiolineatur.com\/wp-content\/uploads\/11_lineatur_residential_interior_architecture_private_villa_bremen-533x800.jpg 533w, https:\/\/studiolineatur.com\/wp-content\/uploads\/11_lineatur_residential_interior_architecture_private_villa_bremen.jpg 1280w\" sizes=\"(max-width: 853px) 100vw, 853px\" \/>\t\t\t\t\t\t\t\t\t\t\t\t\t\t\t<\/div>\n\t\t\t\t<\/div>\n\t\t\t\t<div class=\"elementor-element elementor-element-d304c76 elementor-widget elementor-widget-image\" data-id=\"d304c76\" data-element_type=\"widget\" data-e-type=\"widget\" data-widget_type=\"image.default\">\n\t\t\t\t<div class=\"elementor-widget-container\">\n\t\t\t\t\t\t\t\t\t\t\t\t\t\t\t<img loading=\"lazy\" decoding=\"async\" width=\"853\" height=\"1280\" src=\"https:\/\/studiolineatur.com\/wp-content\/uploads\/12_lineatur_residential_interior_architecture_private_villa_bremen-853x1280.jpg\" class=\"attachment-landscape size-landscape wp-image-5258\" alt=\"\" srcset=\"https:\/\/studiolineatur.com\/wp-content\/uploads\/12_lineatur_residential_interior_architecture_private_villa_bremen-853x1280.jpg 853w, https:\/\/studiolineatur.com\/wp-content\/uploads\/12_lineatur_residential_interior_architecture_private_villa_bremen-200x300.jpg 200w, https:\/\/studiolineatur.com\/wp-content\/uploads\/12_lineatur_residential_interior_architecture_private_villa_bremen-683x1024.jpg 683w, https:\/\/studiolineatur.com\/wp-content\/uploads\/12_lineatur_residential_interior_architecture_private_villa_bremen-768x1152.jpg 768w, https:\/\/studiolineatur.com\/wp-content\/uploads\/12_lineatur_residential_interior_architecture_private_villa_bremen-1024x1536.jpg 1024w, https:\/\/studiolineatur.com\/wp-content\/uploads\/12_lineatur_residential_interior_architecture_private_villa_bremen-533x800.jpg 533w, https:\/\/studiolineatur.com\/wp-content\/uploads\/12_lineatur_residential_interior_architecture_private_villa_bremen.jpg 1280w\" sizes=\"(max-width: 853px) 100vw, 853px\" \/>\t\t\t\t\t\t\t\t\t\t\t\t\t\t\t<\/div>\n\t\t\t\t<\/div>\n\t\t\t\t<div class=\"elementor-element elementor-element-1e5bcb7 elementor-widget elementor-widget-image\" data-id=\"1e5bcb7\" data-element_type=\"widget\" data-e-type=\"widget\" data-widget_type=\"image.default\">\n\t\t\t\t<div class=\"elementor-widget-container\">\n\t\t\t\t\t\t\t\t\t\t\t\t\t\t\t<img loading=\"lazy\" decoding=\"async\" width=\"853\" height=\"1280\" src=\"https:\/\/studiolineatur.com\/wp-content\/uploads\/13_lineatur_residential_interior_architecture_private_villa_bremen-853x1280.jpg\" class=\"attachment-landscape size-landscape wp-image-5259\" alt=\"\" srcset=\"https:\/\/studiolineatur.com\/wp-content\/uploads\/13_lineatur_residential_interior_architecture_private_villa_bremen-853x1280.jpg 853w, https:\/\/studiolineatur.com\/wp-content\/uploads\/13_lineatur_residential_interior_architecture_private_villa_bremen-200x300.jpg 200w, https:\/\/studiolineatur.com\/wp-content\/uploads\/13_lineatur_residential_interior_architecture_private_villa_bremen-682x1024.jpg 682w, https:\/\/studiolineatur.com\/wp-content\/uploads\/13_lineatur_residential_interior_architecture_private_villa_bremen-768x1152.jpg 768w, https:\/\/studiolineatur.com\/wp-content\/uploads\/13_lineatur_residential_interior_architecture_private_villa_bremen-1024x1536.jpg 1024w, https:\/\/studiolineatur.com\/wp-content\/uploads\/13_lineatur_residential_interior_architecture_private_villa_bremen-1365x2048.jpg 1365w, https:\/\/studiolineatur.com\/wp-content\/uploads\/13_lineatur_residential_interior_architecture_private_villa_bremen-533x800.jpg 533w, https:\/\/studiolineatur.com\/wp-content\/uploads\/13_lineatur_residential_interior_architecture_private_villa_bremen-scaled.jpg 1706w\" sizes=\"(max-width: 853px) 100vw, 853px\" \/>\t\t\t\t\t\t\t\t\t\t\t\t\t\t\t<\/div>\n\t\t\t\t<\/div>\n\t\t\t\t<div class=\"elementor-element elementor-element-4769f8f elementor-widget elementor-widget-image\" data-id=\"4769f8f\" data-element_type=\"widget\" data-e-type=\"widget\" data-widget_type=\"image.default\">\n\t\t\t\t<div class=\"elementor-widget-container\">\n\t\t\t\t\t\t\t\t\t\t\t\t\t\t\t<img loading=\"lazy\" decoding=\"async\" width=\"853\" height=\"1280\" src=\"https:\/\/studiolineatur.com\/wp-content\/uploads\/14_lineatur_residential_interior_architecture_private_villa_bremen-853x1280.jpg\" class=\"attachment-landscape size-landscape wp-image-5260\" alt=\"\" srcset=\"https:\/\/studiolineatur.com\/wp-content\/uploads\/14_lineatur_residential_interior_architecture_private_villa_bremen-853x1280.jpg 853w, https:\/\/studiolineatur.com\/wp-content\/uploads\/14_lineatur_residential_interior_architecture_private_villa_bremen-200x300.jpg 200w, https:\/\/studiolineatur.com\/wp-content\/uploads\/14_lineatur_residential_interior_architecture_private_villa_bremen-683x1024.jpg 683w, https:\/\/studiolineatur.com\/wp-content\/uploads\/14_lineatur_residential_interior_architecture_private_villa_bremen-768x1152.jpg 768w, https:\/\/studiolineatur.com\/wp-content\/uploads\/14_lineatur_residential_interior_architecture_private_villa_bremen-1024x1536.jpg 1024w, https:\/\/studiolineatur.com\/wp-content\/uploads\/14_lineatur_residential_interior_architecture_private_villa_bremen-533x800.jpg 533w, https:\/\/studiolineatur.com\/wp-content\/uploads\/14_lineatur_residential_interior_architecture_private_villa_bremen.jpg 1280w\" sizes=\"(max-width: 853px) 100vw, 853px\" \/>\t\t\t\t\t\t\t\t\t\t\t\t\t\t\t<\/div>\n\t\t\t\t<\/div>\n\t\t\t\t<div class=\"elementor-element elementor-element-8d7cdf5 elementor-widget elementor-widget-image\" data-id=\"8d7cdf5\" data-element_type=\"widget\" data-e-type=\"widget\" data-widget_type=\"image.default\">\n\t\t\t\t<div class=\"elementor-widget-container\">\n\t\t\t\t\t\t\t\t\t\t\t\t\t\t\t<img loading=\"lazy\" decoding=\"async\" width=\"853\" height=\"1280\" src=\"https:\/\/studiolineatur.com\/wp-content\/uploads\/15_lineatur_residential_interior_architecture_private_villa_bremen-853x1280.jpg\" class=\"attachment-landscape size-landscape wp-image-5261\" alt=\"\" srcset=\"https:\/\/studiolineatur.com\/wp-content\/uploads\/15_lineatur_residential_interior_architecture_private_villa_bremen-853x1280.jpg 853w, https:\/\/studiolineatur.com\/wp-content\/uploads\/15_lineatur_residential_interior_architecture_private_villa_bremen-200x300.jpg 200w, https:\/\/studiolineatur.com\/wp-content\/uploads\/15_lineatur_residential_interior_architecture_private_villa_bremen-683x1024.jpg 683w, https:\/\/studiolineatur.com\/wp-content\/uploads\/15_lineatur_residential_interior_architecture_private_villa_bremen-768x1152.jpg 768w, https:\/\/studiolineatur.com\/wp-content\/uploads\/15_lineatur_residential_interior_architecture_private_villa_bremen-1024x1536.jpg 1024w, https:\/\/studiolineatur.com\/wp-content\/uploads\/15_lineatur_residential_interior_architecture_private_villa_bremen-533x800.jpg 533w, https:\/\/studiolineatur.com\/wp-content\/uploads\/15_lineatur_residential_interior_architecture_private_villa_bremen.jpg 1280w\" sizes=\"(max-width: 853px) 100vw, 853px\" \/>\t\t\t\t\t\t\t\t\t\t\t\t\t\t\t<\/div>\n\t\t\t\t<\/div>\n\t\t\t\t<div class=\"elementor-element elementor-element-b75b623 elementor-widget elementor-widget-image\" data-id=\"b75b623\" data-element_type=\"widget\" data-e-type=\"widget\" data-widget_type=\"image.default\">\n\t\t\t\t<div class=\"elementor-widget-container\">\n\t\t\t\t\t\t\t\t\t\t\t\t\t\t\t<img loading=\"lazy\" decoding=\"async\" width=\"853\" height=\"1280\" src=\"https:\/\/studiolineatur.com\/wp-content\/uploads\/16_lineatur_residential_interior_architecture_private_villa_bremen-853x1280.jpg\" class=\"attachment-landscape size-landscape wp-image-5262\" alt=\"\" srcset=\"https:\/\/studiolineatur.com\/wp-content\/uploads\/16_lineatur_residential_interior_architecture_private_villa_bremen-853x1280.jpg 853w, https:\/\/studiolineatur.com\/wp-content\/uploads\/16_lineatur_residential_interior_architecture_private_villa_bremen-200x300.jpg 200w, https:\/\/studiolineatur.com\/wp-content\/uploads\/16_lineatur_residential_interior_architecture_private_villa_bremen-683x1024.jpg 683w, https:\/\/studiolineatur.com\/wp-content\/uploads\/16_lineatur_residential_interior_architecture_private_villa_bremen-768x1152.jpg 768w, https:\/\/studiolineatur.com\/wp-content\/uploads\/16_lineatur_residential_interior_architecture_private_villa_bremen-1024x1536.jpg 1024w, https:\/\/studiolineatur.com\/wp-content\/uploads\/16_lineatur_residential_interior_architecture_private_villa_bremen-533x800.jpg 533w, https:\/\/studiolineatur.com\/wp-content\/uploads\/16_lineatur_residential_interior_architecture_private_villa_bremen.jpg 1280w\" sizes=\"(max-width: 853px) 100vw, 853px\" \/>\t\t\t\t\t\t\t\t\t\t\t\t\t\t\t<\/div>\n\t\t\t\t<\/div>\n\t\t\t\t<div class=\"elementor-element elementor-element-df6b27d elementor-widget elementor-widget-image\" data-id=\"df6b27d\" data-element_type=\"widget\" data-e-type=\"widget\" data-widget_type=\"image.default\">\n\t\t\t\t<div class=\"elementor-widget-container\">\n\t\t\t\t\t\t\t\t\t\t\t\t\t\t\t<img loading=\"lazy\" decoding=\"async\" width=\"853\" height=\"1280\" src=\"https:\/\/studiolineatur.com\/wp-content\/uploads\/17_lineatur_residential_interior_architecture_private_villa_bremen-853x1280.jpg\" class=\"attachment-landscape size-landscape wp-image-5263\" alt=\"\" srcset=\"https:\/\/studiolineatur.com\/wp-content\/uploads\/17_lineatur_residential_interior_architecture_private_villa_bremen-853x1280.jpg 853w, https:\/\/studiolineatur.com\/wp-content\/uploads\/17_lineatur_residential_interior_architecture_private_villa_bremen-200x300.jpg 200w, https:\/\/studiolineatur.com\/wp-content\/uploads\/17_lineatur_residential_interior_architecture_private_villa_bremen-683x1024.jpg 683w, https:\/\/studiolineatur.com\/wp-content\/uploads\/17_lineatur_residential_interior_architecture_private_villa_bremen-768x1152.jpg 768w, https:\/\/studiolineatur.com\/wp-content\/uploads\/17_lineatur_residential_interior_architecture_private_villa_bremen-1024x1536.jpg 1024w, https:\/\/studiolineatur.com\/wp-content\/uploads\/17_lineatur_residential_interior_architecture_private_villa_bremen-533x800.jpg 533w, https:\/\/studiolineatur.com\/wp-content\/uploads\/17_lineatur_residential_interior_architecture_private_villa_bremen.jpg 1280w\" sizes=\"(max-width: 853px) 100vw, 853px\" \/>\t\t\t\t\t\t\t\t\t\t\t\t\t\t\t<\/div>\n\t\t\t\t<\/div>\n\t\t\t\t<div class=\"elementor-element elementor-element-8a989fd elementor-widget elementor-widget-image\" data-id=\"8a989fd\" data-element_type=\"widget\" data-e-type=\"widget\" data-widget_type=\"image.default\">\n\t\t\t\t<div class=\"elementor-widget-container\">\n\t\t\t\t\t\t\t\t\t\t\t\t\t\t\t<img loading=\"lazy\" decoding=\"async\" width=\"800\" height=\"715\" src=\"https:\/\/studiolineatur.com\/wp-content\/uploads\/01_Lineatur_interior_architecture_Villa_Bremen_floorplan_2nd-floor-1024x915.png\" class=\"attachment-large size-large wp-image-5283\" alt=\"\" srcset=\"https:\/\/studiolineatur.com\/wp-content\/uploads\/01_Lineatur_interior_architecture_Villa_Bremen_floorplan_2nd-floor-1024x915.png 1024w, https:\/\/studiolineatur.com\/wp-content\/uploads\/01_Lineatur_interior_architecture_Villa_Bremen_floorplan_2nd-floor-300x268.png 300w, https:\/\/studiolineatur.com\/wp-content\/uploads\/01_Lineatur_interior_architecture_Villa_Bremen_floorplan_2nd-floor-768x686.png 768w, https:\/\/studiolineatur.com\/wp-content\/uploads\/01_Lineatur_interior_architecture_Villa_Bremen_floorplan_2nd-floor-1536x1373.png 1536w, https:\/\/studiolineatur.com\/wp-content\/uploads\/01_Lineatur_interior_architecture_Villa_Bremen_floorplan_2nd-floor-1432x1280.png 1432w, https:\/\/studiolineatur.com\/wp-content\/uploads\/01_Lineatur_interior_architecture_Villa_Bremen_floorplan_2nd-floor-800x715.png 800w, https:\/\/studiolineatur.com\/wp-content\/uploads\/01_Lineatur_interior_architecture_Villa_Bremen_floorplan_2nd-floor.png 1920w\" sizes=\"(max-width: 800px) 100vw, 800px\" \/>\t\t\t\t\t\t\t\t\t\t\t\t\t\t\t<\/div>\n\t\t\t\t<\/div>\n\t\t\t\t<div class=\"elementor-element elementor-element-7959d12 elementor-widget elementor-widget-image\" data-id=\"7959d12\" data-element_type=\"widget\" data-e-type=\"widget\" data-widget_type=\"image.default\">\n\t\t\t\t<div class=\"elementor-widget-container\">\n\t\t\t\t\t\t\t\t\t\t\t\t\t\t\t<img loading=\"lazy\" decoding=\"async\" width=\"853\" height=\"1280\" src=\"https:\/\/studiolineatur.com\/wp-content\/uploads\/18_lineatur_residential_interior_architecture_private_villa_bremen-853x1280.jpg\" class=\"attachment-landscape size-landscape wp-image-5264\" alt=\"\" srcset=\"https:\/\/studiolineatur.com\/wp-content\/uploads\/18_lineatur_residential_interior_architecture_private_villa_bremen-853x1280.jpg 853w, https:\/\/studiolineatur.com\/wp-content\/uploads\/18_lineatur_residential_interior_architecture_private_villa_bremen-200x300.jpg 200w, https:\/\/studiolineatur.com\/wp-content\/uploads\/18_lineatur_residential_interior_architecture_private_villa_bremen-683x1024.jpg 683w, https:\/\/studiolineatur.com\/wp-content\/uploads\/18_lineatur_residential_interior_architecture_private_villa_bremen-768x1152.jpg 768w, https:\/\/studiolineatur.com\/wp-content\/uploads\/18_lineatur_residential_interior_architecture_private_villa_bremen-1024x1536.jpg 1024w, https:\/\/studiolineatur.com\/wp-content\/uploads\/18_lineatur_residential_interior_architecture_private_villa_bremen-533x800.jpg 533w, https:\/\/studiolineatur.com\/wp-content\/uploads\/18_lineatur_residential_interior_architecture_private_villa_bremen.jpg 1280w\" sizes=\"(max-width: 853px) 100vw, 853px\" \/>\t\t\t\t\t\t\t\t\t\t\t\t\t\t\t<\/div>\n\t\t\t\t<\/div>\n\t\t\t\t<div class=\"elementor-element elementor-element-10d691d elementor-widget elementor-widget-image\" data-id=\"10d691d\" data-element_type=\"widget\" data-e-type=\"widget\" data-widget_type=\"image.default\">\n\t\t\t\t<div class=\"elementor-widget-container\">\n\t\t\t\t\t\t\t\t\t\t\t\t\t\t\t<img loading=\"lazy\" decoding=\"async\" width=\"853\" height=\"1280\" src=\"https:\/\/studiolineatur.com\/wp-content\/uploads\/19_lineatur_residential_interior_architecture_private_villa_bremen-853x1280.jpg\" class=\"attachment-landscape size-landscape wp-image-5265\" alt=\"\" srcset=\"https:\/\/studiolineatur.com\/wp-content\/uploads\/19_lineatur_residential_interior_architecture_private_villa_bremen-853x1280.jpg 853w, https:\/\/studiolineatur.com\/wp-content\/uploads\/19_lineatur_residential_interior_architecture_private_villa_bremen-200x300.jpg 200w, https:\/\/studiolineatur.com\/wp-content\/uploads\/19_lineatur_residential_interior_architecture_private_villa_bremen-683x1024.jpg 683w, https:\/\/studiolineatur.com\/wp-content\/uploads\/19_lineatur_residential_interior_architecture_private_villa_bremen-768x1152.jpg 768w, https:\/\/studiolineatur.com\/wp-content\/uploads\/19_lineatur_residential_interior_architecture_private_villa_bremen-1024x1536.jpg 1024w, https:\/\/studiolineatur.com\/wp-content\/uploads\/19_lineatur_residential_interior_architecture_private_villa_bremen-533x800.jpg 533w, https:\/\/studiolineatur.com\/wp-content\/uploads\/19_lineatur_residential_interior_architecture_private_villa_bremen.jpg 1280w\" sizes=\"(max-width: 853px) 100vw, 853px\" \/>\t\t\t\t\t\t\t\t\t\t\t\t\t\t\t<\/div>\n\t\t\t\t<\/div>\n\t\t\t\t<div class=\"elementor-element elementor-element-133baed elementor-widget elementor-widget-image\" data-id=\"133baed\" data-element_type=\"widget\" data-e-type=\"widget\" data-widget_type=\"image.default\">\n\t\t\t\t<div class=\"elementor-widget-container\">\n\t\t\t\t\t\t\t\t\t\t\t\t\t\t\t<img loading=\"lazy\" decoding=\"async\" width=\"853\" height=\"1280\" src=\"https:\/\/studiolineatur.com\/wp-content\/uploads\/20_lineatur_residential_interior_architecture_private_villa_bremen-853x1280.jpg\" class=\"attachment-landscape size-landscape wp-image-5266\" alt=\"\" srcset=\"https:\/\/studiolineatur.com\/wp-content\/uploads\/20_lineatur_residential_interior_architecture_private_villa_bremen-853x1280.jpg 853w, https:\/\/studiolineatur.com\/wp-content\/uploads\/20_lineatur_residential_interior_architecture_private_villa_bremen-200x300.jpg 200w, https:\/\/studiolineatur.com\/wp-content\/uploads\/20_lineatur_residential_interior_architecture_private_villa_bremen-683x1024.jpg 683w, https:\/\/studiolineatur.com\/wp-content\/uploads\/20_lineatur_residential_interior_architecture_private_villa_bremen-768x1152.jpg 768w, https:\/\/studiolineatur.com\/wp-content\/uploads\/20_lineatur_residential_interior_architecture_private_villa_bremen-1024x1536.jpg 1024w, https:\/\/studiolineatur.com\/wp-content\/uploads\/20_lineatur_residential_interior_architecture_private_villa_bremen-533x800.jpg 533w, https:\/\/studiolineatur.com\/wp-content\/uploads\/20_lineatur_residential_interior_architecture_private_villa_bremen.jpg 1280w\" sizes=\"(max-width: 853px) 100vw, 853px\" \/>\t\t\t\t\t\t\t\t\t\t\t\t\t\t\t<\/div>\n\t\t\t\t<\/div>\n\t\t\t\t<div class=\"elementor-element elementor-element-b6e0c3e elementor-widget elementor-widget-image\" data-id=\"b6e0c3e\" data-element_type=\"widget\" data-e-type=\"widget\" data-widget_type=\"image.default\">\n\t\t\t\t<div class=\"elementor-widget-container\">\n\t\t\t\t\t\t\t\t\t\t\t\t\t\t\t<img loading=\"lazy\" decoding=\"async\" width=\"853\" height=\"1280\" src=\"https:\/\/studiolineatur.com\/wp-content\/uploads\/22_lineatur_residential_interior_architecture_private_villa_bremen-853x1280.jpg\" class=\"attachment-landscape size-landscape wp-image-5267\" alt=\"\" srcset=\"https:\/\/studiolineatur.com\/wp-content\/uploads\/22_lineatur_residential_interior_architecture_private_villa_bremen-853x1280.jpg 853w, https:\/\/studiolineatur.com\/wp-content\/uploads\/22_lineatur_residential_interior_architecture_private_villa_bremen-200x300.jpg 200w, https:\/\/studiolineatur.com\/wp-content\/uploads\/22_lineatur_residential_interior_architecture_private_villa_bremen-683x1024.jpg 683w, https:\/\/studiolineatur.com\/wp-content\/uploads\/22_lineatur_residential_interior_architecture_private_villa_bremen-768x1152.jpg 768w, https:\/\/studiolineatur.com\/wp-content\/uploads\/22_lineatur_residential_interior_architecture_private_villa_bremen-1024x1536.jpg 1024w, https:\/\/studiolineatur.com\/wp-content\/uploads\/22_lineatur_residential_interior_architecture_private_villa_bremen-533x800.jpg 533w, https:\/\/studiolineatur.com\/wp-content\/uploads\/22_lineatur_residential_interior_architecture_private_villa_bremen.jpg 1280w\" sizes=\"(max-width: 853px) 100vw, 853px\" \/>\t\t\t\t\t\t\t\t\t\t\t\t\t\t\t<\/div>\n\t\t\t\t<\/div>\n\t\t\t\t<div class=\"elementor-element elementor-element-91221ff elementor-widget elementor-widget-image\" data-id=\"91221ff\" data-element_type=\"widget\" data-e-type=\"widget\" data-widget_type=\"image.default\">\n\t\t\t\t<div class=\"elementor-widget-container\">\n\t\t\t\t\t\t\t\t\t\t\t\t\t\t\t<img loading=\"lazy\" decoding=\"async\" width=\"853\" height=\"1280\" src=\"https:\/\/studiolineatur.com\/wp-content\/uploads\/23_lineatur_residential_interior_architecture_private_villa_bremen-853x1280.jpg\" class=\"attachment-landscape size-landscape wp-image-5268\" alt=\"\" srcset=\"https:\/\/studiolineatur.com\/wp-content\/uploads\/23_lineatur_residential_interior_architecture_private_villa_bremen-853x1280.jpg 853w, https:\/\/studiolineatur.com\/wp-content\/uploads\/23_lineatur_residential_interior_architecture_private_villa_bremen-200x300.jpg 200w, https:\/\/studiolineatur.com\/wp-content\/uploads\/23_lineatur_residential_interior_architecture_private_villa_bremen-683x1024.jpg 683w, https:\/\/studiolineatur.com\/wp-content\/uploads\/23_lineatur_residential_interior_architecture_private_villa_bremen-768x1152.jpg 768w, https:\/\/studiolineatur.com\/wp-content\/uploads\/23_lineatur_residential_interior_architecture_private_villa_bremen-1024x1536.jpg 1024w, https:\/\/studiolineatur.com\/wp-content\/uploads\/23_lineatur_residential_interior_architecture_private_villa_bremen-533x800.jpg 533w, https:\/\/studiolineatur.com\/wp-content\/uploads\/23_lineatur_residential_interior_architecture_private_villa_bremen.jpg 1280w\" sizes=\"(max-width: 853px) 100vw, 853px\" \/>\t\t\t\t\t\t\t\t\t\t\t\t\t\t\t<\/div>\n\t\t\t\t<\/div>\n\t\t\t\t<div class=\"elementor-element elementor-element-adcc55d elementor-widget elementor-widget-image\" data-id=\"adcc55d\" data-element_type=\"widget\" data-e-type=\"widget\" data-widget_type=\"image.default\">\n\t\t\t\t<div class=\"elementor-widget-container\">\n\t\t\t\t\t\t\t\t\t\t\t\t\t\t\t<img loading=\"lazy\" decoding=\"async\" width=\"853\" height=\"1280\" src=\"https:\/\/studiolineatur.com\/wp-content\/uploads\/24_lineatur_residential_interior_architecture_private_villa_bremen-853x1280.jpg\" class=\"attachment-landscape size-landscape wp-image-5269\" alt=\"\" srcset=\"https:\/\/studiolineatur.com\/wp-content\/uploads\/24_lineatur_residential_interior_architecture_private_villa_bremen-853x1280.jpg 853w, https:\/\/studiolineatur.com\/wp-content\/uploads\/24_lineatur_residential_interior_architecture_private_villa_bremen-200x300.jpg 200w, https:\/\/studiolineatur.com\/wp-content\/uploads\/24_lineatur_residential_interior_architecture_private_villa_bremen-683x1024.jpg 683w, https:\/\/studiolineatur.com\/wp-content\/uploads\/24_lineatur_residential_interior_architecture_private_villa_bremen-768x1152.jpg 768w, https:\/\/studiolineatur.com\/wp-content\/uploads\/24_lineatur_residential_interior_architecture_private_villa_bremen-1024x1536.jpg 1024w, https:\/\/studiolineatur.com\/wp-content\/uploads\/24_lineatur_residential_interior_architecture_private_villa_bremen-533x800.jpg 533w, https:\/\/studiolineatur.com\/wp-content\/uploads\/24_lineatur_residential_interior_architecture_private_villa_bremen.jpg 1280w\" sizes=\"(max-width: 853px) 100vw, 853px\" \/>\t\t\t\t\t\t\t\t\t\t\t\t\t\t\t<\/div>\n\t\t\t\t<\/div>\n\t\t\t\t<div class=\"elementor-element elementor-element-85333ac elementor-widget elementor-widget-image\" data-id=\"85333ac\" data-element_type=\"widget\" data-e-type=\"widget\" data-widget_type=\"image.default\">\n\t\t\t\t<div class=\"elementor-widget-container\">\n\t\t\t\t\t\t\t\t\t\t\t\t\t\t\t<img loading=\"lazy\" decoding=\"async\" width=\"853\" height=\"1280\" src=\"https:\/\/studiolineatur.com\/wp-content\/uploads\/25_lineatur_residential_interior_architecture_private_villa_bremen-853x1280.jpg\" class=\"attachment-landscape size-landscape wp-image-5270\" alt=\"\" srcset=\"https:\/\/studiolineatur.com\/wp-content\/uploads\/25_lineatur_residential_interior_architecture_private_villa_bremen-853x1280.jpg 853w, https:\/\/studiolineatur.com\/wp-content\/uploads\/25_lineatur_residential_interior_architecture_private_villa_bremen-200x300.jpg 200w, https:\/\/studiolineatur.com\/wp-content\/uploads\/25_lineatur_residential_interior_architecture_private_villa_bremen-683x1024.jpg 683w, https:\/\/studiolineatur.com\/wp-content\/uploads\/25_lineatur_residential_interior_architecture_private_villa_bremen-768x1152.jpg 768w, https:\/\/studiolineatur.com\/wp-content\/uploads\/25_lineatur_residential_interior_architecture_private_villa_bremen-1024x1536.jpg 1024w, https:\/\/studiolineatur.com\/wp-content\/uploads\/25_lineatur_residential_interior_architecture_private_villa_bremen-533x800.jpg 533w, https:\/\/studiolineatur.com\/wp-content\/uploads\/25_lineatur_residential_interior_architecture_private_villa_bremen.jpg 1280w\" sizes=\"(max-width: 853px) 100vw, 853px\" \/>\t\t\t\t\t\t\t\t\t\t\t\t\t\t\t<\/div>\n\t\t\t\t<\/div>\n\t\t\t\t<div class=\"elementor-element elementor-element-fd4da5f elementor-widget elementor-widget-image\" data-id=\"fd4da5f\" data-element_type=\"widget\" data-e-type=\"widget\" data-widget_type=\"image.default\">\n\t\t\t\t<div class=\"elementor-widget-container\">\n\t\t\t\t\t\t\t\t\t\t\t\t\t\t\t<img loading=\"lazy\" decoding=\"async\" width=\"853\" height=\"1280\" src=\"https:\/\/studiolineatur.com\/wp-content\/uploads\/26_lineatur_residential_interior_architecture_private_villa_bremen-853x1280.jpg\" class=\"attachment-landscape size-landscape wp-image-5271\" alt=\"\" srcset=\"https:\/\/studiolineatur.com\/wp-content\/uploads\/26_lineatur_residential_interior_architecture_private_villa_bremen-853x1280.jpg 853w, https:\/\/studiolineatur.com\/wp-content\/uploads\/26_lineatur_residential_interior_architecture_private_villa_bremen-200x300.jpg 200w, https:\/\/studiolineatur.com\/wp-content\/uploads\/26_lineatur_residential_interior_architecture_private_villa_bremen-683x1024.jpg 683w, https:\/\/studiolineatur.com\/wp-content\/uploads\/26_lineatur_residential_interior_architecture_private_villa_bremen-768x1152.jpg 768w, https:\/\/studiolineatur.com\/wp-content\/uploads\/26_lineatur_residential_interior_architecture_private_villa_bremen-1024x1536.jpg 1024w, https:\/\/studiolineatur.com\/wp-content\/uploads\/26_lineatur_residential_interior_architecture_private_villa_bremen-533x800.jpg 533w, https:\/\/studiolineatur.com\/wp-content\/uploads\/26_lineatur_residential_interior_architecture_private_villa_bremen.jpg 1280w\" sizes=\"(max-width: 853px) 100vw, 853px\" \/>\t\t\t\t\t\t\t\t\t\t\t\t\t\t\t<\/div>\n\t\t\t\t<\/div>\n\t\t\t\t<div class=\"elementor-element elementor-element-a252923 elementor-widget elementor-widget-image\" data-id=\"a252923\" data-element_type=\"widget\" data-e-type=\"widget\" data-widget_type=\"image.default\">\n\t\t\t\t<div class=\"elementor-widget-container\">\n\t\t\t\t\t\t\t\t\t\t\t\t\t\t\t<img loading=\"lazy\" decoding=\"async\" width=\"853\" height=\"1280\" src=\"https:\/\/studiolineatur.com\/wp-content\/uploads\/27_lineatur_residential_interior_architecture_private_villa_bremen-853x1280.jpg\" class=\"attachment-landscape size-landscape wp-image-5272\" alt=\"\" srcset=\"https:\/\/studiolineatur.com\/wp-content\/uploads\/27_lineatur_residential_interior_architecture_private_villa_bremen-853x1280.jpg 853w, https:\/\/studiolineatur.com\/wp-content\/uploads\/27_lineatur_residential_interior_architecture_private_villa_bremen-200x300.jpg 200w, https:\/\/studiolineatur.com\/wp-content\/uploads\/27_lineatur_residential_interior_architecture_private_villa_bremen-683x1024.jpg 683w, https:\/\/studiolineatur.com\/wp-content\/uploads\/27_lineatur_residential_interior_architecture_private_villa_bremen-768x1152.jpg 768w, https:\/\/studiolineatur.com\/wp-content\/uploads\/27_lineatur_residential_interior_architecture_private_villa_bremen-1024x1536.jpg 1024w, https:\/\/studiolineatur.com\/wp-content\/uploads\/27_lineatur_residential_interior_architecture_private_villa_bremen-533x800.jpg 533w, https:\/\/studiolineatur.com\/wp-content\/uploads\/27_lineatur_residential_interior_architecture_private_villa_bremen.jpg 1280w\" sizes=\"(max-width: 853px) 100vw, 853px\" \/>\t\t\t\t\t\t\t\t\t\t\t\t\t\t\t<\/div>\n\t\t\t\t<\/div>\n\t\t\t\t<div class=\"elementor-element elementor-element-bf51185 elementor-widget-mobile__width-inherit elementor-widget-tablet__width-inherit elementor-widget elementor-widget-text-editor\" data-id=\"bf51185\" data-element_type=\"widget\" data-e-type=\"widget\" data-widget_type=\"text-editor.default\">\n\t\t\t\t<div class=\"elementor-widget-container\">\n\t\t\t\t\t\t\t\t\t<p><a href=\"#top\">Nach oben<\/a><\/p>\t\t\t\t\t\t\t\t<\/div>\n\t\t\t\t<\/div>\n\t\t\t\t<\/div>\n\t\t\t\t<\/div>\n\t\t\t\t<\/div>\n\t\t<div class=\"elementor-element elementor-element-61295c28 e-con-full e-flex e-con e-parent\" data-id=\"61295c28\" data-element_type=\"container\" data-e-type=\"container\" data-settings=\"{&quot;_ob_use_container_extras&quot;:&quot;no&quot;}\">\n\t\t\t\t<div class=\"elementor-element elementor-element-6d16bec8 elementor-widget elementor-widget-template\" data-id=\"6d16bec8\" data-element_type=\"widget\" data-e-type=\"widget\" data-widget_type=\"template.default\">\n\t\t\t\t<div class=\"elementor-widget-container\">\n\t\t\t\t\t\t\t<div class=\"elementor-template\">\n\t\t\t\t\t<div data-elementor-type=\"container\" data-elementor-id=\"5061\" class=\"elementor elementor-5061 elementor-2395 elementor-2395\" data-elementor-post-type=\"elementor_library\">\n\t\t\t\t<div class=\"elementor-element elementor-element-4a12318 e-con-full e-flex e-con e-parent\" data-id=\"4a12318\" data-element_type=\"container\" data-e-type=\"container\" data-settings=\"{&quot;_ob_use_container_extras&quot;:&quot;no&quot;}\">\n\t\t<div class=\"elementor-element elementor-element-14de590c e-con-full e-flex e-con e-child\" data-id=\"14de590c\" data-element_type=\"container\" data-e-type=\"container\" data-settings=\"{&quot;_ob_use_container_extras&quot;:&quot;no&quot;}\">\n\t\t\t\t<div class=\"elementor-element elementor-element-6c1e4572 elementor-widget elementor-widget-text-editor\" data-id=\"6c1e4572\" data-element_type=\"widget\" data-e-type=\"widget\" data-widget_type=\"text-editor.default\">\n\t\t\t\t<div class=\"elementor-widget-container\">\n\t\t\t\t\t\t\t\t\t<p>Das k\u00f6nnte Ihnen auch gefallen<\/p>\t\t\t\t\t\t\t\t<\/div>\n\t\t\t\t<\/div>\n\t\t\t\t<div class=\"elementor-element elementor-element-73a7757d elementor-arrows-position-inside elementor-widget elementor-widget-loop-carousel\" data-id=\"73a7757d\" data-element_type=\"widget\" data-e-type=\"widget\" data-settings=\"{&quot;template_id&quot;:5069,&quot;slides_to_show&quot;:&quot;5&quot;,&quot;slides_to_scroll&quot;:&quot;5&quot;,&quot;image_spacing_custom&quot;:{&quot;unit&quot;:&quot;px&quot;,&quot;size&quot;:30,&quot;sizes&quot;:[]},&quot;_skin&quot;:&quot;post&quot;,&quot;slides_to_show_tablet&quot;:&quot;2&quot;,&quot;slides_to_show_mobile&quot;:&quot;1&quot;,&quot;edit_handle_selector&quot;:&quot;.elementor-loop-container&quot;,&quot;infinite&quot;:&quot;yes&quot;,&quot;speed&quot;:500,&quot;offset_sides&quot;:&quot;none&quot;,&quot;arrows&quot;:&quot;yes&quot;,&quot;image_spacing_custom_tablet&quot;:{&quot;unit&quot;:&quot;px&quot;,&quot;size&quot;:&quot;&quot;,&quot;sizes&quot;:[]},&quot;image_spacing_custom_mobile&quot;:{&quot;unit&quot;:&quot;px&quot;,&quot;size&quot;:&quot;&quot;,&quot;sizes&quot;:[]}}\" data-widget_type=\"loop-carousel.post\">\n\t\t\t\t<div class=\"elementor-widget-container\">\n\t\t\t\t\t\t\t<div class=\"swiper elementor-loop-container elementor-grid\" role=\"list\" dir=\"ltr\">\n\t\t\t\t<div class=\"swiper-wrapper\" aria-live=\"polite\">\n\t\t<style id=\"loop-dynamic-5069\">.e-loop-item-5284 .elementor-element.elementor-element-5e23650:not(.elementor-motion-effects-element-type-background), .e-loop-item-5284 .elementor-element.elementor-element-5e23650 > .elementor-motion-effects-container > .elementor-motion-effects-layer{background-image:url(\"https:\/\/studiolineatur.com\/wp-content\/uploads\/00_lineatur_residential_interior_architecture_private_villa_bremen.jpg\");}.e-loop-item-5284 .elementor-element.elementor-element-31bf5f1:not(.elementor-motion-effects-element-type-background), .e-loop-item-5284 .elementor-element.elementor-element-31bf5f1 > .elementor-motion-effects-container > .elementor-motion-effects-layer{background-image:url(\"https:\/\/studiolineatur.com\/wp-content\/uploads\/00_lineatur_residential_interior_architecture_private_villa_bremen.jpg\");}<\/style><style id=\"loop-5069\">.elementor-5069 .elementor-element.elementor-element-6da505ee{--display:flex;--flex-direction:column;--container-widget-width:calc( ( 1 - var( --container-widget-flex-grow ) ) * 100% );--container-widget-height:initial;--container-widget-flex-grow:0;--container-widget-align-self:initial;--flex-wrap-mobile:wrap;--justify-content:flex-start;--align-items:flex-start;--gap:0px 0px;--row-gap:0px;--column-gap:0px;--padding-top:0px;--padding-bottom:0px;--padding-left:0px;--padding-right:0px;}.elementor-5069 .elementor-element.elementor-element-5e23650{--display:flex;--background-transition:0.3s;--padding-top:0px;--padding-bottom:0px;--padding-left:0px;--padding-right:0px;}.elementor-5069 .elementor-element.elementor-element-5e23650:not(.elementor-motion-effects-element-type-background), .elementor-5069 .elementor-element.elementor-element-5e23650 > .elementor-motion-effects-container > .elementor-motion-effects-layer{background-position:bottom left;background-repeat:no-repeat;background-size:contain;}.elementor-5069 .elementor-element.elementor-element-31bf5f1{--display:flex;--background-transition:0.3s;--padding-top:0px;--padding-bottom:0px;--padding-left:0px;--padding-right:0px;}.elementor-5069 .elementor-element.elementor-element-31bf5f1:not(.elementor-motion-effects-element-type-background), .elementor-5069 .elementor-element.elementor-element-31bf5f1 > .elementor-motion-effects-container > .elementor-motion-effects-layer{background-position:bottom left;background-repeat:no-repeat;background-size:contain;}.elementor-widget-text-editor{font-family:var( --e-global-typography-text-font-family ), Sans-serif;font-size:var( --e-global-typography-text-font-size );font-weight:var( --e-global-typography-text-font-weight );line-height:var( --e-global-typography-text-line-height );letter-spacing:var( --e-global-typography-text-letter-spacing );color:var( --e-global-color-text );}.elementor-widget-text-editor.elementor-drop-cap-view-stacked .elementor-drop-cap{background-color:var( --e-global-color-primary );}.elementor-widget-text-editor.elementor-drop-cap-view-framed .elementor-drop-cap, .elementor-widget-text-editor.elementor-drop-cap-view-default .elementor-drop-cap{color:var( --e-global-color-primary );border-color:var( --e-global-color-primary );}.elementor-5069 .elementor-element.elementor-element-25390ae0{text-align:start;font-family:var( --e-global-typography-secondary-font-family ), Sans-serif;font-size:var( --e-global-typography-secondary-font-size );font-weight:var( --e-global-typography-secondary-font-weight );}.elementor-5069 .elementor-element.elementor-element-25390ae0 > .elementor-widget-container{padding:5px 0px 0px 0px;}@media(max-width:1024px){.elementor-widget-text-editor{font-size:var( --e-global-typography-text-font-size );line-height:var( --e-global-typography-text-line-height );letter-spacing:var( --e-global-typography-text-letter-spacing );}.elementor-5069 .elementor-element.elementor-element-25390ae0{font-size:var( --e-global-typography-secondary-font-size );}}@media(min-width:768px){.elementor-5069 .elementor-element.elementor-element-5e23650{--width:100%;}.elementor-5069 .elementor-element.elementor-element-31bf5f1{--width:100%;}}@media(max-width:767px){.elementor-5069 .elementor-element.elementor-element-31bf5f1:not(.elementor-motion-effects-element-type-background), .elementor-5069 .elementor-element.elementor-element-31bf5f1 > .elementor-motion-effects-container > .elementor-motion-effects-layer{background-position:center left;}.elementor-widget-text-editor{font-size:var( --e-global-typography-text-font-size );line-height:var( --e-global-typography-text-line-height );letter-spacing:var( --e-global-typography-text-letter-spacing );}.elementor-5069 .elementor-element.elementor-element-25390ae0{font-size:var( --e-global-typography-secondary-font-size );}}\/* Start custom CSS for container, class: .elementor-element-5e23650 *\/.elementor-5069 .elementor-element.elementor-element-5e23650\n{\naspect-ratio: 1\/1;\n}\/* End custom CSS *\/\n\/* Start custom CSS for container, class: .elementor-element-31bf5f1 *\/.elementor-5069 .elementor-element.elementor-element-31bf5f1\n{\naspect-ratio: 1\/1;\n}\/* End custom CSS *\/\n\/* Start custom CSS for container, class: .elementor-element-6da505ee *\/.container:hover .text {\n    text-decoration: underline !important;\n    text-decoration-thickness: 0.7px!important;\n}\/* End custom CSS *\/<\/style>\t\t<div data-elementor-type=\"loop-item\" data-elementor-id=\"5069\" class=\"elementor elementor-5069 elementor-485 elementor-485 elementor-485 swiper-slide e-loop-item e-loop-item-5284 post-5284 project type-project status-publish has-post-thumbnail hentry\" data-elementor-post-type=\"elementor_library\" role=\"group\" aria-roledescription=\"slide\" data-custom-edit-handle=\"1\">\n\t\t\t<a class=\"elementor-element elementor-element-6da505ee container e-flex e-con-boxed e-con e-parent\" data-id=\"6da505ee\" data-element_type=\"container\" data-e-type=\"container\" data-settings=\"{&quot;_ob_use_container_extras&quot;:&quot;no&quot;}\" href=\"https:\/\/studiolineatur.com\/de\/project\/stadtvilla-bremen\/\">\n\t\t\t\t\t<div class=\"e-con-inner\">\n\t\t<div class=\"elementor-element elementor-element-5e23650 e-con-full elementor-hidden-mobile e-flex e-con e-child\" data-id=\"5e23650\" data-element_type=\"container\" data-e-type=\"container\" data-settings=\"{&quot;background_background&quot;:&quot;classic&quot;,&quot;_ob_use_container_extras&quot;:&quot;no&quot;}\">\n\t\t\t\t<\/div>\n\t\t<div class=\"elementor-element elementor-element-31bf5f1 e-con-full elementor-hidden-desktop elementor-hidden-tablet e-flex e-con e-child\" data-id=\"31bf5f1\" data-element_type=\"container\" data-e-type=\"container\" data-settings=\"{&quot;background_background&quot;:&quot;classic&quot;,&quot;_ob_use_container_extras&quot;:&quot;no&quot;}\">\n\t\t\t\t<\/div>\n\t\t\t\t<div class=\"elementor-element elementor-element-25390ae0 text elementor-widget elementor-widget-text-editor\" data-id=\"25390ae0\" data-element_type=\"widget\" data-e-type=\"widget\" data-widget_type=\"text-editor.default\">\n\t\t\t\t<div class=\"elementor-widget-container\">\n\t\t\t\t\t\t\t\t\t2025<\/br>Stadtvilla Bremen\t\t\t\t\t\t\t\t<\/div>\n\t\t\t\t<\/div>\n\t\t\t\t\t<\/div>\n\t\t\t\t<\/a>\n\t\t\t\t<\/div>\n\t\t<style id=\"loop-dynamic-5069\">.e-loop-item-5306 .elementor-element.elementor-element-5e23650:not(.elementor-motion-effects-element-type-background), .e-loop-item-5306 .elementor-element.elementor-element-5e23650 > .elementor-motion-effects-container > .elementor-motion-effects-layer{background-image:url(\"https:\/\/studiolineatur.com\/wp-content\/uploads\/00_Haven_yoga_retreat_lineatur_interior_architecture_Havelland.jpg\");}.e-loop-item-5306 .elementor-element.elementor-element-31bf5f1:not(.elementor-motion-effects-element-type-background), .e-loop-item-5306 .elementor-element.elementor-element-31bf5f1 > .elementor-motion-effects-container > .elementor-motion-effects-layer{background-image:url(\"https:\/\/studiolineatur.com\/wp-content\/uploads\/00_Haven_yoga_retreat_lineatur_interior_architecture_Havelland.jpg\");}<\/style>\t\t<div data-elementor-type=\"loop-item\" data-elementor-id=\"5069\" class=\"elementor elementor-5069 elementor-485 elementor-485 elementor-485 swiper-slide e-loop-item e-loop-item-5306 post-5306 project type-project status-publish has-post-thumbnail hentry\" data-elementor-post-type=\"elementor_library\" role=\"group\" aria-roledescription=\"slide\" data-custom-edit-handle=\"1\">\n\t\t\t<a class=\"elementor-element elementor-element-6da505ee container e-flex e-con-boxed e-con e-parent\" data-id=\"6da505ee\" data-element_type=\"container\" data-e-type=\"container\" data-settings=\"{&quot;_ob_use_container_extras&quot;:&quot;no&quot;}\" href=\"https:\/\/studiolineatur.com\/de\/project\/haven\/\">\n\t\t\t\t\t<div class=\"e-con-inner\">\n\t\t<div class=\"elementor-element elementor-element-5e23650 e-con-full elementor-hidden-mobile e-flex e-con e-child\" data-id=\"5e23650\" data-element_type=\"container\" data-e-type=\"container\" data-settings=\"{&quot;background_background&quot;:&quot;classic&quot;,&quot;_ob_use_container_extras&quot;:&quot;no&quot;}\">\n\t\t\t\t<\/div>\n\t\t<div class=\"elementor-element elementor-element-31bf5f1 e-con-full elementor-hidden-desktop elementor-hidden-tablet e-flex e-con e-child\" data-id=\"31bf5f1\" data-element_type=\"container\" data-e-type=\"container\" data-settings=\"{&quot;background_background&quot;:&quot;classic&quot;,&quot;_ob_use_container_extras&quot;:&quot;no&quot;}\">\n\t\t\t\t<\/div>\n\t\t\t\t<div class=\"elementor-element elementor-element-25390ae0 text elementor-widget elementor-widget-text-editor\" data-id=\"25390ae0\" data-element_type=\"widget\" data-e-type=\"widget\" data-widget_type=\"text-editor.default\">\n\t\t\t\t<div class=\"elementor-widget-container\">\n\t\t\t\t\t\t\t\t\t2025<\/br>Haven\t\t\t\t\t\t\t\t<\/div>\n\t\t\t\t<\/div>\n\t\t\t\t\t<\/div>\n\t\t\t\t<\/a>\n\t\t\t\t<\/div>\n\t\t<style id=\"loop-dynamic-5069\">.e-loop-item-5335 .elementor-element.elementor-element-5e23650:not(.elementor-motion-effects-element-type-background), .e-loop-item-5335 .elementor-element.elementor-element-5e23650 > .elementor-motion-effects-container > .elementor-motion-effects-layer{background-image:url(\"https:\/\/studiolineatur.com\/wp-content\/uploads\/05_lineatur_residential_interior_architecture_private_apartment_living-room_berlin.jpg\");}.e-loop-item-5335 .elementor-element.elementor-element-31bf5f1:not(.elementor-motion-effects-element-type-background), .e-loop-item-5335 .elementor-element.elementor-element-31bf5f1 > .elementor-motion-effects-container > .elementor-motion-effects-layer{background-image:url(\"https:\/\/studiolineatur.com\/wp-content\/uploads\/05_lineatur_residential_interior_architecture_private_apartment_living-room_berlin.jpg\");}<\/style>\t\t<div data-elementor-type=\"loop-item\" data-elementor-id=\"5069\" class=\"elementor elementor-5069 elementor-485 elementor-485 elementor-485 swiper-slide e-loop-item e-loop-item-5335 post-5335 project type-project status-publish has-post-thumbnail hentry\" data-elementor-post-type=\"elementor_library\" role=\"group\" aria-roledescription=\"slide\" data-custom-edit-handle=\"1\">\n\t\t\t<a class=\"elementor-element elementor-element-6da505ee container e-flex e-con-boxed e-con e-parent\" data-id=\"6da505ee\" data-element_type=\"container\" data-e-type=\"container\" data-settings=\"{&quot;_ob_use_container_extras&quot;:&quot;no&quot;}\" href=\"https:\/\/studiolineatur.com\/de\/project\/marthashof\/\">\n\t\t\t\t\t<div class=\"e-con-inner\">\n\t\t<div class=\"elementor-element elementor-element-5e23650 e-con-full elementor-hidden-mobile e-flex e-con e-child\" data-id=\"5e23650\" data-element_type=\"container\" data-e-type=\"container\" data-settings=\"{&quot;background_background&quot;:&quot;classic&quot;,&quot;_ob_use_container_extras&quot;:&quot;no&quot;}\">\n\t\t\t\t<\/div>\n\t\t<div class=\"elementor-element elementor-element-31bf5f1 e-con-full elementor-hidden-desktop elementor-hidden-tablet e-flex e-con e-child\" data-id=\"31bf5f1\" data-element_type=\"container\" data-e-type=\"container\" data-settings=\"{&quot;background_background&quot;:&quot;classic&quot;,&quot;_ob_use_container_extras&quot;:&quot;no&quot;}\">\n\t\t\t\t<\/div>\n\t\t\t\t<div class=\"elementor-element elementor-element-25390ae0 text elementor-widget elementor-widget-text-editor\" data-id=\"25390ae0\" data-element_type=\"widget\" data-e-type=\"widget\" data-widget_type=\"text-editor.default\">\n\t\t\t\t<div class=\"elementor-widget-container\">\n\t\t\t\t\t\t\t\t\t2024<\/br>Marthashof\t\t\t\t\t\t\t\t<\/div>\n\t\t\t\t<\/div>\n\t\t\t\t\t<\/div>\n\t\t\t\t<\/a>\n\t\t\t\t<\/div>\n\t\t<style id=\"loop-dynamic-5069\">.e-loop-item-5338 .elementor-element.elementor-element-5e23650:not(.elementor-motion-effects-element-type-background), .e-loop-item-5338 .elementor-element.elementor-element-5e23650 > .elementor-motion-effects-container > .elementor-motion-effects-layer{background-image:url(\"https:\/\/studiolineatur.com\/wp-content\/uploads\/01_Quadriga_competition_concept_lineatur_interior_architecture_roundabout_berlin.jpg\");}.e-loop-item-5338 .elementor-element.elementor-element-31bf5f1:not(.elementor-motion-effects-element-type-background), .e-loop-item-5338 .elementor-element.elementor-element-31bf5f1 > .elementor-motion-effects-container > .elementor-motion-effects-layer{background-image:url(\"https:\/\/studiolineatur.com\/wp-content\/uploads\/01_Quadriga_competition_concept_lineatur_interior_architecture_roundabout_berlin.jpg\");}<\/style>\t\t<div data-elementor-type=\"loop-item\" data-elementor-id=\"5069\" class=\"elementor elementor-5069 elementor-485 elementor-485 elementor-485 swiper-slide e-loop-item e-loop-item-5338 post-5338 project type-project status-publish has-post-thumbnail hentry\" data-elementor-post-type=\"elementor_library\" role=\"group\" aria-roledescription=\"slide\" data-custom-edit-handle=\"1\">\n\t\t\t<a class=\"elementor-element elementor-element-6da505ee container e-flex e-con-boxed e-con e-parent\" data-id=\"6da505ee\" data-element_type=\"container\" data-e-type=\"container\" data-settings=\"{&quot;_ob_use_container_extras&quot;:&quot;no&quot;}\" href=\"https:\/\/studiolineatur.com\/de\/project\/quadriga\/\">\n\t\t\t\t\t<div class=\"e-con-inner\">\n\t\t<div class=\"elementor-element elementor-element-5e23650 e-con-full elementor-hidden-mobile e-flex e-con e-child\" data-id=\"5e23650\" data-element_type=\"container\" data-e-type=\"container\" data-settings=\"{&quot;background_background&quot;:&quot;classic&quot;,&quot;_ob_use_container_extras&quot;:&quot;no&quot;}\">\n\t\t\t\t<\/div>\n\t\t<div class=\"elementor-element elementor-element-31bf5f1 e-con-full elementor-hidden-desktop elementor-hidden-tablet e-flex e-con e-child\" data-id=\"31bf5f1\" data-element_type=\"container\" data-e-type=\"container\" data-settings=\"{&quot;background_background&quot;:&quot;classic&quot;,&quot;_ob_use_container_extras&quot;:&quot;no&quot;}\">\n\t\t\t\t<\/div>\n\t\t\t\t<div class=\"elementor-element elementor-element-25390ae0 text elementor-widget elementor-widget-text-editor\" data-id=\"25390ae0\" data-element_type=\"widget\" data-e-type=\"widget\" data-widget_type=\"text-editor.default\">\n\t\t\t\t<div class=\"elementor-widget-container\">\n\t\t\t\t\t\t\t\t\t2023<\/br>Quadriga\t\t\t\t\t\t\t\t<\/div>\n\t\t\t\t<\/div>\n\t\t\t\t\t<\/div>\n\t\t\t\t<\/a>\n\t\t\t\t<\/div>\n\t\t<style id=\"loop-dynamic-5069\">.e-loop-item-5391 .elementor-element.elementor-element-5e23650:not(.elementor-motion-effects-element-type-background), .e-loop-item-5391 .elementor-element.elementor-element-5e23650 > .elementor-motion-effects-container > .elementor-motion-effects-layer{background-image:url(\"https:\/\/studiolineatur.com\/wp-content\/uploads\/13_Authentikka_mitte_restaurant_modern-india-nostalgia_lineatur_interior_architecture_hamburg_mumbai-lounge-scaled.jpg\");}.e-loop-item-5391 .elementor-element.elementor-element-31bf5f1:not(.elementor-motion-effects-element-type-background), .e-loop-item-5391 .elementor-element.elementor-element-31bf5f1 > .elementor-motion-effects-container > .elementor-motion-effects-layer{background-image:url(\"https:\/\/studiolineatur.com\/wp-content\/uploads\/13_Authentikka_mitte_restaurant_modern-india-nostalgia_lineatur_interior_architecture_hamburg_mumbai-lounge-scaled.jpg\");}<\/style>\t\t<div data-elementor-type=\"loop-item\" data-elementor-id=\"5069\" class=\"elementor elementor-5069 elementor-485 elementor-485 elementor-485 swiper-slide e-loop-item e-loop-item-5391 post-5391 project type-project status-publish has-post-thumbnail hentry\" data-elementor-post-type=\"elementor_library\" role=\"group\" aria-roledescription=\"slide\" data-custom-edit-handle=\"1\">\n\t\t\t<a class=\"elementor-element elementor-element-6da505ee container e-flex e-con-boxed e-con e-parent\" data-id=\"6da505ee\" data-element_type=\"container\" data-e-type=\"container\" data-settings=\"{&quot;_ob_use_container_extras&quot;:&quot;no&quot;}\" href=\"https:\/\/studiolineatur.com\/de\/project\/authentikka-mitte\/\">\n\t\t\t\t\t<div class=\"e-con-inner\">\n\t\t<div class=\"elementor-element elementor-element-5e23650 e-con-full elementor-hidden-mobile e-flex e-con e-child\" data-id=\"5e23650\" data-element_type=\"container\" data-e-type=\"container\" data-settings=\"{&quot;background_background&quot;:&quot;classic&quot;,&quot;_ob_use_container_extras&quot;:&quot;no&quot;}\">\n\t\t\t\t<\/div>\n\t\t<div class=\"elementor-element elementor-element-31bf5f1 e-con-full elementor-hidden-desktop elementor-hidden-tablet e-flex e-con e-child\" data-id=\"31bf5f1\" data-element_type=\"container\" data-e-type=\"container\" data-settings=\"{&quot;background_background&quot;:&quot;classic&quot;,&quot;_ob_use_container_extras&quot;:&quot;no&quot;}\">\n\t\t\t\t<\/div>\n\t\t\t\t<div class=\"elementor-element elementor-element-25390ae0 text elementor-widget elementor-widget-text-editor\" data-id=\"25390ae0\" data-element_type=\"widget\" data-e-type=\"widget\" data-widget_type=\"text-editor.default\">\n\t\t\t\t<div class=\"elementor-widget-container\">\n\t\t\t\t\t\t\t\t\t2024<\/br>Authentikka Mitte\t\t\t\t\t\t\t\t<\/div>\n\t\t\t\t<\/div>\n\t\t\t\t\t<\/div>\n\t\t\t\t<\/a>\n\t\t\t\t<\/div>\n\t\t<style id=\"loop-dynamic-5069\">.e-loop-item-5404 .elementor-element.elementor-element-5e23650:not(.elementor-motion-effects-element-type-background), .e-loop-item-5404 .elementor-element.elementor-element-5e23650 > .elementor-motion-effects-container > .elementor-motion-effects-layer{background-image:url(\"https:\/\/studiolineatur.com\/wp-content\/uploads\/09_Artists-village_Studio-Lineatur_interior-design_kidsroom-scaled.jpg\");}.e-loop-item-5404 .elementor-element.elementor-element-31bf5f1:not(.elementor-motion-effects-element-type-background), .e-loop-item-5404 .elementor-element.elementor-element-31bf5f1 > .elementor-motion-effects-container > .elementor-motion-effects-layer{background-image:url(\"https:\/\/studiolineatur.com\/wp-content\/uploads\/09_Artists-village_Studio-Lineatur_interior-design_kidsroom-scaled.jpg\");}<\/style>\t\t<div data-elementor-type=\"loop-item\" data-elementor-id=\"5069\" class=\"elementor elementor-5069 elementor-485 elementor-485 elementor-485 swiper-slide e-loop-item e-loop-item-5404 post-5404 project type-project status-publish has-post-thumbnail hentry\" data-elementor-post-type=\"elementor_library\" role=\"group\" aria-roledescription=\"slide\" data-custom-edit-handle=\"1\">\n\t\t\t<a class=\"elementor-element elementor-element-6da505ee container e-flex e-con-boxed e-con e-parent\" data-id=\"6da505ee\" data-element_type=\"container\" data-e-type=\"container\" data-settings=\"{&quot;_ob_use_container_extras&quot;:&quot;no&quot;}\" href=\"https:\/\/studiolineatur.com\/de\/project\/artists-village-2024\/\">\n\t\t\t\t\t<div class=\"e-con-inner\">\n\t\t<div class=\"elementor-element elementor-element-5e23650 e-con-full elementor-hidden-mobile e-flex e-con e-child\" data-id=\"5e23650\" data-element_type=\"container\" data-e-type=\"container\" data-settings=\"{&quot;background_background&quot;:&quot;classic&quot;,&quot;_ob_use_container_extras&quot;:&quot;no&quot;}\">\n\t\t\t\t<\/div>\n\t\t<div class=\"elementor-element elementor-element-31bf5f1 e-con-full elementor-hidden-desktop elementor-hidden-tablet e-flex e-con e-child\" data-id=\"31bf5f1\" data-element_type=\"container\" data-e-type=\"container\" data-settings=\"{&quot;background_background&quot;:&quot;classic&quot;,&quot;_ob_use_container_extras&quot;:&quot;no&quot;}\">\n\t\t\t\t<\/div>\n\t\t\t\t<div class=\"elementor-element elementor-element-25390ae0 text elementor-widget elementor-widget-text-editor\" data-id=\"25390ae0\" data-element_type=\"widget\" data-e-type=\"widget\" data-widget_type=\"text-editor.default\">\n\t\t\t\t<div class=\"elementor-widget-container\">\n\t\t\t\t\t\t\t\t\t2024<\/br>Artists Village\t\t\t\t\t\t\t\t<\/div>\n\t\t\t\t<\/div>\n\t\t\t\t\t<\/div>\n\t\t\t\t<\/a>\n\t\t\t\t<\/div>\n\t\t\t\t<\/div>\n\t\t<\/div>\n\t\t\t\t\t<div class=\"elementor-swiper-button elementor-swiper-button-prev\" role=\"button\" tabindex=\"0\" aria-label=\"Voriger\">\n\t\t\t\t\t\t\t<\/div>\n\t\t\t<div class=\"elementor-swiper-button elementor-swiper-button-next\" role=\"button\" tabindex=\"0\" aria-label=\"N\u00e4chster\">\n\t\t\t\t<i aria-hidden=\"true\" class=\"icon icon-arrow\"><\/i>\t\t\t<\/div>\n\t\t\t\t\t\t<\/div>\n\t\t\t\t<\/div>\n\t\t\t\t<\/div>\n\t\t\t\t<\/div>\n\t\t\t\t<\/div>\n\t\t\t\t<\/div>\n\t\t\t\t\t\t<\/div>\n\t\t\t\t<\/div>\n\t\t\t\t<\/div>\n\t\t<div class=\"elementor-element elementor-element-269b668 e-flex e-con-boxed e-con e-parent\" data-id=\"269b668\" data-element_type=\"container\" data-e-type=\"container\" data-settings=\"{&quot;_ob_use_container_extras&quot;:&quot;no&quot;}\">\n\t\t\t\t\t<div class=\"e-con-inner\">\n\t\t\t\t<div class=\"elementor-element elementor-element-4a6984c3 elementor-widget elementor-widget-html\" data-id=\"4a6984c3\" data-element_type=\"widget\" data-e-type=\"widget\" data-widget_type=\"html.default\">\n\t\t\t\t<div class=\"elementor-widget-container\">\n\t\t\t\t\t<script src=\"https:\/\/code.jquery.com\/jquery-3.6.0.min.js\"><\/script><script>var $ = jQuery\n\n$(document).ready(function(){\n    $('[data-showme]').on('click', function(){\n        var showme = $(this).attr('data-showme')\n        \n        $('.all-images').hide()\n        $('#' + showme).show()\n    })\n})\n\n<\/script>\t\t\t\t<\/div>\n\t\t\t\t<\/div>\n\t\t\t\t\t<\/div>\n\t\t\t\t<\/div>\n\t\t\t\t<\/div>\n\t\t","protected":false},"featured_media":5281,"template":"","meta":{"_acf_changed":false},"journals-categorie":[],"class_list":["post-5284","project","type-project","status-publish","has-post-thumbnail","hentry"],"acf":[],"yoast_head":"<!-- This site is optimized with the Yoast SEO plugin v27.5 - https:\/\/yoast.com\/product\/yoast-seo-wordpress\/ -->\n<title>Stadtvilla Bremen - LINEATUR<\/title>\n<meta name=\"description\" content=\"Lineatur renoviert eine historische Villa in Bremen mit unverwechselbarer Handschrift.\" \/>\n<meta name=\"robots\" content=\"index, follow, max-snippet:-1, max-image-preview:large, max-video-preview:-1\" \/>\n<link rel=\"canonical\" href=\"https:\/\/studiolineatur.com\/de\/project\/stadtvilla-bremen\/\" \/>\n<meta property=\"og:locale\" content=\"de_DE\" \/>\n<meta property=\"og:type\" content=\"article\" \/>\n<meta property=\"og:title\" content=\"Stadtvilla Bremen - LINEATUR\" \/>\n<meta property=\"og:description\" content=\"Lineatur renoviert eine historische Villa in Bremen mit unverwechselbarer Handschrift.\" \/>\n<meta property=\"og:url\" content=\"https:\/\/studiolineatur.com\/de\/project\/stadtvilla-bremen\/\" \/>\n<meta property=\"og:site_name\" content=\"LINEATUR\" \/>\n<meta property=\"article:modified_time\" content=\"2026-03-27T11:34:56+00:00\" \/>\n<meta property=\"og:image\" content=\"https:\/\/studiolineatur.com\/wp-content\/uploads\/00_lineatur_residential_interior_architecture_private_villa_bremen.jpg\" \/>\n\t<meta property=\"og:image:width\" content=\"1280\" \/>\n\t<meta property=\"og:image:height\" content=\"1920\" \/>\n\t<meta property=\"og:image:type\" content=\"image\/jpeg\" \/>\n<meta name=\"twitter:card\" content=\"summary_large_image\" \/>\n<meta name=\"twitter:label1\" content=\"Gesch\u00e4tzte Lesezeit\" \/>\n\t<meta name=\"twitter:data1\" content=\"4\u00a0Minuten\" \/>\n<script type=\"application\/ld+json\" class=\"yoast-schema-graph\">{\"@context\":\"https:\\\/\\\/schema.org\",\"@graph\":[{\"@type\":\"WebPage\",\"@id\":\"https:\\\/\\\/studiolineatur.com\\\/de\\\/project\\\/stadtvilla-bremen\\\/\",\"url\":\"https:\\\/\\\/studiolineatur.com\\\/de\\\/project\\\/stadtvilla-bremen\\\/\",\"name\":\"Stadtvilla Bremen - LINEATUR\",\"isPartOf\":{\"@id\":\"https:\\\/\\\/studiolineatur.com\\\/de\\\/#website\"},\"primaryImageOfPage\":{\"@id\":\"https:\\\/\\\/studiolineatur.com\\\/de\\\/project\\\/stadtvilla-bremen\\\/#primaryimage\"},\"image\":{\"@id\":\"https:\\\/\\\/studiolineatur.com\\\/de\\\/project\\\/stadtvilla-bremen\\\/#primaryimage\"},\"thumbnailUrl\":\"https:\\\/\\\/studiolineatur.com\\\/wp-content\\\/uploads\\\/00_lineatur_residential_interior_architecture_private_villa_bremen.jpg\",\"datePublished\":\"2026-02-16T12:43:18+00:00\",\"dateModified\":\"2026-03-27T11:34:56+00:00\",\"description\":\"Lineatur renoviert eine historische Villa in Bremen mit unverwechselbarer Handschrift.\",\"breadcrumb\":{\"@id\":\"https:\\\/\\\/studiolineatur.com\\\/de\\\/project\\\/stadtvilla-bremen\\\/#breadcrumb\"},\"inLanguage\":\"de\",\"potentialAction\":[{\"@type\":\"ReadAction\",\"target\":[\"https:\\\/\\\/studiolineatur.com\\\/de\\\/project\\\/stadtvilla-bremen\\\/\"]}]},{\"@type\":\"ImageObject\",\"inLanguage\":\"de\",\"@id\":\"https:\\\/\\\/studiolineatur.com\\\/de\\\/project\\\/stadtvilla-bremen\\\/#primaryimage\",\"url\":\"https:\\\/\\\/studiolineatur.com\\\/wp-content\\\/uploads\\\/00_lineatur_residential_interior_architecture_private_villa_bremen.jpg\",\"contentUrl\":\"https:\\\/\\\/studiolineatur.com\\\/wp-content\\\/uploads\\\/00_lineatur_residential_interior_architecture_private_villa_bremen.jpg\",\"width\":1280,\"height\":1920},{\"@type\":\"BreadcrumbList\",\"@id\":\"https:\\\/\\\/studiolineatur.com\\\/de\\\/project\\\/stadtvilla-bremen\\\/#breadcrumb\",\"itemListElement\":[{\"@type\":\"ListItem\",\"position\":1,\"name\":\"Startseite\",\"item\":\"https:\\\/\\\/studiolineatur.com\\\/de\\\/projekte\\\/\"},{\"@type\":\"ListItem\",\"position\":2,\"name\":\"Stadtvilla Bremen\"}]},{\"@type\":\"WebSite\",\"@id\":\"https:\\\/\\\/studiolineatur.com\\\/de\\\/#website\",\"url\":\"https:\\\/\\\/studiolineatur.com\\\/de\\\/\",\"name\":\"LINEATUR\",\"description\":\"LINEATUR is a studio for architecture and branding founded by Janis Nachtigall (architect), Dana Mikoleit (interior architect) and Pia Held (art director)\",\"publisher\":{\"@id\":\"https:\\\/\\\/studiolineatur.com\\\/de\\\/#organization\"},\"potentialAction\":[{\"@type\":\"SearchAction\",\"target\":{\"@type\":\"EntryPoint\",\"urlTemplate\":\"https:\\\/\\\/studiolineatur.com\\\/de\\\/?s={search_term_string}\"},\"query-input\":{\"@type\":\"PropertyValueSpecification\",\"valueRequired\":true,\"valueName\":\"search_term_string\"}}],\"inLanguage\":\"de\"},{\"@type\":\"Organization\",\"@id\":\"https:\\\/\\\/studiolineatur.com\\\/de\\\/#organization\",\"name\":\"LINEATUR\",\"url\":\"https:\\\/\\\/studiolineatur.com\\\/de\\\/\",\"logo\":{\"@type\":\"ImageObject\",\"inLanguage\":\"de\",\"@id\":\"https:\\\/\\\/studiolineatur.com\\\/de\\\/#\\\/schema\\\/logo\\\/image\\\/\",\"url\":\"https:\\\/\\\/studiolineatur.com\\\/wp-content\\\/uploads\\\/LINEATUR_Logo_square.jpg\",\"contentUrl\":\"https:\\\/\\\/studiolineatur.com\\\/wp-content\\\/uploads\\\/LINEATUR_Logo_square.jpg\",\"width\":1181,\"height\":1181,\"caption\":\"LINEATUR\"},\"image\":{\"@id\":\"https:\\\/\\\/studiolineatur.com\\\/de\\\/#\\\/schema\\\/logo\\\/image\\\/\"},\"sameAs\":[\"https:\\\/\\\/www.instagram.com\\\/studiolineatur\\\/\"]}]}<\/script>\n<!-- \/ Yoast SEO plugin. -->","yoast_head_json":{"title":"Stadtvilla Bremen - LINEATUR","description":"Lineatur renoviert eine historische Villa in Bremen mit unverwechselbarer Handschrift.","robots":{"index":"index","follow":"follow","max-snippet":"max-snippet:-1","max-image-preview":"max-image-preview:large","max-video-preview":"max-video-preview:-1"},"canonical":"https:\/\/studiolineatur.com\/de\/project\/stadtvilla-bremen\/","og_locale":"de_DE","og_type":"article","og_title":"Stadtvilla Bremen - LINEATUR","og_description":"Lineatur renoviert eine historische Villa in Bremen mit unverwechselbarer Handschrift.","og_url":"https:\/\/studiolineatur.com\/de\/project\/stadtvilla-bremen\/","og_site_name":"LINEATUR","article_modified_time":"2026-03-27T11:34:56+00:00","og_image":[{"width":1280,"height":1920,"url":"https:\/\/studiolineatur.com\/wp-content\/uploads\/00_lineatur_residential_interior_architecture_private_villa_bremen.jpg","type":"image\/jpeg"}],"twitter_card":"summary_large_image","twitter_misc":{"Gesch\u00e4tzte Lesezeit":"4\u00a0Minuten"},"schema":{"@context":"https:\/\/schema.org","@graph":[{"@type":"WebPage","@id":"https:\/\/studiolineatur.com\/de\/project\/stadtvilla-bremen\/","url":"https:\/\/studiolineatur.com\/de\/project\/stadtvilla-bremen\/","name":"Stadtvilla Bremen - LINEATUR","isPartOf":{"@id":"https:\/\/studiolineatur.com\/de\/#website"},"primaryImageOfPage":{"@id":"https:\/\/studiolineatur.com\/de\/project\/stadtvilla-bremen\/#primaryimage"},"image":{"@id":"https:\/\/studiolineatur.com\/de\/project\/stadtvilla-bremen\/#primaryimage"},"thumbnailUrl":"https:\/\/studiolineatur.com\/wp-content\/uploads\/00_lineatur_residential_interior_architecture_private_villa_bremen.jpg","datePublished":"2026-02-16T12:43:18+00:00","dateModified":"2026-03-27T11:34:56+00:00","description":"Lineatur renoviert eine historische Villa in Bremen mit unverwechselbarer Handschrift.","breadcrumb":{"@id":"https:\/\/studiolineatur.com\/de\/project\/stadtvilla-bremen\/#breadcrumb"},"inLanguage":"de","potentialAction":[{"@type":"ReadAction","target":["https:\/\/studiolineatur.com\/de\/project\/stadtvilla-bremen\/"]}]},{"@type":"ImageObject","inLanguage":"de","@id":"https:\/\/studiolineatur.com\/de\/project\/stadtvilla-bremen\/#primaryimage","url":"https:\/\/studiolineatur.com\/wp-content\/uploads\/00_lineatur_residential_interior_architecture_private_villa_bremen.jpg","contentUrl":"https:\/\/studiolineatur.com\/wp-content\/uploads\/00_lineatur_residential_interior_architecture_private_villa_bremen.jpg","width":1280,"height":1920},{"@type":"BreadcrumbList","@id":"https:\/\/studiolineatur.com\/de\/project\/stadtvilla-bremen\/#breadcrumb","itemListElement":[{"@type":"ListItem","position":1,"name":"Startseite","item":"https:\/\/studiolineatur.com\/de\/projekte\/"},{"@type":"ListItem","position":2,"name":"Stadtvilla Bremen"}]},{"@type":"WebSite","@id":"https:\/\/studiolineatur.com\/de\/#website","url":"https:\/\/studiolineatur.com\/de\/","name":"LINEATUR","description":"LINEATUR is a studio for architecture and branding founded by Janis Nachtigall (architect), Dana Mikoleit (interior architect) and Pia Held (art director)","publisher":{"@id":"https:\/\/studiolineatur.com\/de\/#organization"},"potentialAction":[{"@type":"SearchAction","target":{"@type":"EntryPoint","urlTemplate":"https:\/\/studiolineatur.com\/de\/?s={search_term_string}"},"query-input":{"@type":"PropertyValueSpecification","valueRequired":true,"valueName":"search_term_string"}}],"inLanguage":"de"},{"@type":"Organization","@id":"https:\/\/studiolineatur.com\/de\/#organization","name":"LINEATUR","url":"https:\/\/studiolineatur.com\/de\/","logo":{"@type":"ImageObject","inLanguage":"de","@id":"https:\/\/studiolineatur.com\/de\/#\/schema\/logo\/image\/","url":"https:\/\/studiolineatur.com\/wp-content\/uploads\/LINEATUR_Logo_square.jpg","contentUrl":"https:\/\/studiolineatur.com\/wp-content\/uploads\/LINEATUR_Logo_square.jpg","width":1181,"height":1181,"caption":"LINEATUR"},"image":{"@id":"https:\/\/studiolineatur.com\/de\/#\/schema\/logo\/image\/"},"sameAs":["https:\/\/www.instagram.com\/studiolineatur\/"]}]}},"_links":{"self":[{"href":"https:\/\/studiolineatur.com\/de\/wp-json\/wp\/v2\/project\/5284","targetHints":{"allow":["GET"]}}],"collection":[{"href":"https:\/\/studiolineatur.com\/de\/wp-json\/wp\/v2\/project"}],"about":[{"href":"https:\/\/studiolineatur.com\/de\/wp-json\/wp\/v2\/types\/project"}],"version-history":[{"count":1,"href":"https:\/\/studiolineatur.com\/de\/wp-json\/wp\/v2\/project\/5284\/revisions"}],"predecessor-version":[{"id":5285,"href":"https:\/\/studiolineatur.com\/de\/wp-json\/wp\/v2\/project\/5284\/revisions\/5285"}],"wp:featuredmedia":[{"embeddable":true,"href":"https:\/\/studiolineatur.com\/de\/wp-json\/wp\/v2\/media\/5281"}],"wp:attachment":[{"href":"https:\/\/studiolineatur.com\/de\/wp-json\/wp\/v2\/media?parent=5284"}],"wp:term":[{"taxonomy":"journals-categorie","embeddable":true,"href":"https:\/\/studiolineatur.com\/de\/wp-json\/wp\/v2\/journals-categorie?post=5284"}],"curies":[{"name":"wp","href":"https:\/\/api.w.org\/{rel}","templated":true}]}}