{"id":5087,"date":"2025-03-17T10:47:14","date_gmt":"2025-03-17T10:47:14","guid":{"rendered":"https:\/\/studiolineatur.com\/ueber-uns\/"},"modified":"2026-04-16T08:58:36","modified_gmt":"2026-04-16T08:58:36","slug":"ueber-uns","status":"publish","type":"page","link":"https:\/\/studiolineatur.com\/de\/ueber-uns\/","title":{"rendered":"\u00dcber uns"},"content":{"rendered":"\t\t<div data-elementor-type=\"wp-page\" data-elementor-id=\"5087\" class=\"elementor elementor-5087 elementor-66\" data-elementor-post-type=\"page\">\n\t\t\t\t<div class=\"elementor-element elementor-element-49d32a58 e-con-full e-flex e-con e-parent\" data-id=\"49d32a58\" data-element_type=\"container\" data-e-type=\"container\" data-settings=\"{&quot;_ob_use_container_extras&quot;:&quot;no&quot;}\">\n\t\t<div class=\"elementor-element elementor-element-41c2b23d e-con-full e-flex e-con e-child\" data-id=\"41c2b23d\" data-element_type=\"container\" data-e-type=\"container\" data-settings=\"{&quot;_ob_use_container_extras&quot;:&quot;no&quot;}\">\n\t\t<div class=\"elementor-element elementor-element-d4f9d60 e-con-full e-flex e-con e-child\" data-id=\"d4f9d60\" data-element_type=\"container\" data-e-type=\"container\" data-settings=\"{&quot;sticky&quot;:&quot;top&quot;,&quot;sticky_on&quot;:[&quot;desktop&quot;],&quot;sticky_offset&quot;:60,&quot;sticky_parent&quot;:&quot;yes&quot;,&quot;_ob_use_container_extras&quot;:&quot;no&quot;,&quot;sticky_effects_offset&quot;:0,&quot;sticky_anchor_link_offset&quot;:0}\">\n\t\t\t\t<div class=\"elementor-element elementor-element-55e8564 elementor-widget elementor-widget-text-editor\" data-id=\"55e8564\" data-element_type=\"widget\" data-e-type=\"widget\" data-widget_type=\"text-editor.default\">\n\t\t\t\t<div class=\"elementor-widget-container\">\n\t\t\t\t\t\t\t\t\t<p>LINEATUR ist ein Innenarchitekturstudio mit Sitz in Berlin, das 2019 von der Architektin Janis Nachtigall und der Innenarchitektin Dana Mikoleit gegr\u00fcndet wurde. Wir bringen unsere umfassende Expertise ein, um \u00f6ffentliche und private R\u00e4ume zu gestalten und neu zu denken. Wir entwerfen R\u00e4ume, welche die Pers\u00f6nlichkeit der Bewohner*innen und Nutzer*innen widerspiegeln und ein Gef\u00fchl von Harmonie, Nat\u00fcrlichkeit und Inspiration vermitteln.<\/p><p><br><\/p>\n<p><\/p>\n<p>Fotografie<br><a href=\"https:\/\/daniellucasfaro.com\/\" target=\"_blank\" rel=\"noopener\">Daniel Far\u00f2, <\/a><a href=\"https:\/\/www.marina-denisova.com\">Marina Denisova <\/a><\/p>\t\t\t\t\t\t\t\t<\/div>\n\t\t\t\t<\/div>\n\t\t\t\t<\/div>\n\t\t<div class=\"elementor-element elementor-element-66bfbfd1 e-con-full e-flex e-con e-child\" data-id=\"66bfbfd1\" data-element_type=\"container\" data-e-type=\"container\" data-settings=\"{&quot;_ob_use_container_extras&quot;:&quot;no&quot;}\">\n\t\t<div class=\"elementor-element elementor-element-3cbee6e e-con-full e-flex e-con e-child\" data-id=\"3cbee6e\" data-element_type=\"container\" data-e-type=\"container\" data-settings=\"{&quot;_ob_use_container_extras&quot;:&quot;no&quot;}\">\n\t\t\t\t<div class=\"elementor-element elementor-element-c465195 elementor-widget elementor-widget-image\" data-id=\"c465195\" data-element_type=\"widget\" data-e-type=\"widget\" data-widget_type=\"image.default\">\n\t\t\t\t<div class=\"elementor-widget-container\">\n\t\t\t\t\t\t\t\t\t\t\t\t\t\t\t<img fetchpriority=\"high\" decoding=\"async\" width=\"1280\" height=\"1920\" src=\"https:\/\/studiolineatur.com\/wp-content\/uploads\/10_Studio-Lineatur_Innenarchitektur_Berlin_Janis-Nachtigall_Dana-Mikoleit-1.jpg\" class=\"attachment-full size-full wp-image-5079\" alt=\"\" srcset=\"https:\/\/studiolineatur.com\/wp-content\/uploads\/10_Studio-Lineatur_Innenarchitektur_Berlin_Janis-Nachtigall_Dana-Mikoleit-1.jpg 1280w, https:\/\/studiolineatur.com\/wp-content\/uploads\/10_Studio-Lineatur_Innenarchitektur_Berlin_Janis-Nachtigall_Dana-Mikoleit-1-200x300.jpg 200w, https:\/\/studiolineatur.com\/wp-content\/uploads\/10_Studio-Lineatur_Innenarchitektur_Berlin_Janis-Nachtigall_Dana-Mikoleit-1-683x1024.jpg 683w, https:\/\/studiolineatur.com\/wp-content\/uploads\/10_Studio-Lineatur_Innenarchitektur_Berlin_Janis-Nachtigall_Dana-Mikoleit-1-768x1152.jpg 768w, https:\/\/studiolineatur.com\/wp-content\/uploads\/10_Studio-Lineatur_Innenarchitektur_Berlin_Janis-Nachtigall_Dana-Mikoleit-1-1024x1536.jpg 1024w, https:\/\/studiolineatur.com\/wp-content\/uploads\/10_Studio-Lineatur_Innenarchitektur_Berlin_Janis-Nachtigall_Dana-Mikoleit-1-853x1280.jpg 853w, https:\/\/studiolineatur.com\/wp-content\/uploads\/10_Studio-Lineatur_Innenarchitektur_Berlin_Janis-Nachtigall_Dana-Mikoleit-1-533x800.jpg 533w\" sizes=\"(max-width: 1280px) 100vw, 1280px\" \/>\t\t\t\t\t\t\t\t\t\t\t\t\t\t\t<\/div>\n\t\t\t\t<\/div>\n\t\t\t\t<\/div>\n\t\t<div class=\"elementor-element elementor-element-1c6c751 e-con-full e-flex e-con e-child\" data-id=\"1c6c751\" data-element_type=\"container\" data-e-type=\"container\" data-settings=\"{&quot;_ob_use_container_extras&quot;:&quot;no&quot;}\">\n\t\t<div class=\"elementor-element elementor-element-82a6031 e-con-full e-flex e-con e-child\" data-id=\"82a6031\" data-element_type=\"container\" data-e-type=\"container\" data-settings=\"{&quot;_ob_use_container_extras&quot;:&quot;no&quot;}\">\n\t\t\t\t<div class=\"elementor-element elementor-element-96e6bc2 elementor-widget elementor-widget-text-editor\" data-id=\"96e6bc2\" data-element_type=\"widget\" data-e-type=\"widget\" data-widget_type=\"text-editor.default\">\n\t\t\t\t<div class=\"elementor-widget-container\">\n\t\t\t\t\t\t\t\t\t<h3>Janis Nachtigall<\/h3><p>2005 \u2013 2008<br>Bachelor-Studium | Technische Universit\u00e4t Berlin<br>B.Sc. Architektur<\/p><p>2008<br>Auslandspraktikum | Salvador de Bahia, Brasilien<\/p><p>2008 \u2013 2012<br>Werkstudentin | Hospitality Competence Berlin<\/p><p>2008 \u2013 2011<br>Master-Studium | Technische Universit\u00e4t Berlin<br>M.Sc. Architektur<\/p><p>2009<br>Praktikum | K\u00fchn Malvezzi Berlin<\/p><p>2012 \u2013 2015<br>Studio Aisslinger | Berlin<br>Projektleitung 25hours Hotel Berlin<\/p><p>2015 \u2013 2019<br>Studio Nachtigall<br>Selbstst\u00e4ndig | Innenarchitektur &amp; Interior Design<\/p><p>2019 \u2013 heute<br>Gr\u00fcnderin von LINEATUR<\/p>\t\t\t\t\t\t\t\t<\/div>\n\t\t\t\t<\/div>\n\t\t\t\t<\/div>\n\t\t<div class=\"elementor-element elementor-element-71221db e-con-full e-flex e-con e-child\" data-id=\"71221db\" data-element_type=\"container\" data-e-type=\"container\" data-settings=\"{&quot;_ob_use_container_extras&quot;:&quot;no&quot;}\">\n\t\t\t\t<div class=\"elementor-element elementor-element-9e8e014 elementor-widget elementor-widget-text-editor\" data-id=\"9e8e014\" data-element_type=\"widget\" data-e-type=\"widget\" data-widget_type=\"text-editor.default\">\n\t\t\t\t<div class=\"elementor-widget-container\">\n\t\t\t\t\t\t\t\t\t<h3>Dana Mikoleit<\/h3><p>2007 \u2013 2012<br>Bachelor-Studium | Burg Giebichenstein Kunsthochschule Halle<br>B.A. Innenarchitektur<\/p><p>2010<br>Auslandspraktikum | Lasfera Peking<\/p><p>2012 \u2013 2013<br>Master-Studium | Burg Giebichenstein Kunsthochschule Halle<br>M.A. Innenarchitektur<\/p><p>2013 \u2013 2014<br>Assistenz | Prof. Axel M\u00fcller-Sch\u00f6ll<br>Innenarchitektur \/ Innenausbau<\/p><p>2014 \u2013 2016<br>Angestellte | St\u00f6lkenSchmidt Architekten Hamburg<\/p><p>2017 \u2013 2020<br>Selbstst\u00e4ndig | Innenarchitektur &amp; Interior Design<\/p><p>2019 \u2013 2020<br>Ester Bruzkus Architekten | Berlin<br>Projektleitung Villa Kellermann<\/p><p>2019 \u2013 heute<br>Gr\u00fcnderin von LINEATUR<\/p>\t\t\t\t\t\t\t\t<\/div>\n\t\t\t\t<\/div>\n\t\t\t\t<\/div>\n\t\t\t\t<\/div>\n\t\t<div class=\"elementor-element elementor-element-246d134 e-con-full e-flex e-con e-child\" data-id=\"246d134\" data-element_type=\"container\" data-e-type=\"container\" data-settings=\"{&quot;background_background&quot;:&quot;classic&quot;,&quot;_ob_use_container_extras&quot;:&quot;no&quot;}\">\n\t\t\t\t<\/div>\n\t\t\t\t<div class=\"elementor-element elementor-element-9ab5733 elementor-widget elementor-widget-image\" data-id=\"9ab5733\" data-element_type=\"widget\" data-e-type=\"widget\" data-widget_type=\"image.default\">\n\t\t\t\t<div class=\"elementor-widget-container\">\n\t\t\t\t\t\t\t\t\t\t\t\t\t\t\t<img decoding=\"async\" width=\"800\" height=\"533\" src=\"https:\/\/studiolineatur.com\/wp-content\/uploads\/02_Studio-Lineatur_Innenarchitektur_Berlin-1-800x533.jpg\" class=\"attachment-square size-square wp-image-5081\" alt=\"\" srcset=\"https:\/\/studiolineatur.com\/wp-content\/uploads\/02_Studio-Lineatur_Innenarchitektur_Berlin-1-800x533.jpg 800w, https:\/\/studiolineatur.com\/wp-content\/uploads\/02_Studio-Lineatur_Innenarchitektur_Berlin-1-300x200.jpg 300w, https:\/\/studiolineatur.com\/wp-content\/uploads\/02_Studio-Lineatur_Innenarchitektur_Berlin-1-1024x683.jpg 1024w, https:\/\/studiolineatur.com\/wp-content\/uploads\/02_Studio-Lineatur_Innenarchitektur_Berlin-1-768x512.jpg 768w, https:\/\/studiolineatur.com\/wp-content\/uploads\/02_Studio-Lineatur_Innenarchitektur_Berlin-1-1536x1024.jpg 1536w, https:\/\/studiolineatur.com\/wp-content\/uploads\/02_Studio-Lineatur_Innenarchitektur_Berlin-1.jpg 1920w\" sizes=\"(max-width: 800px) 100vw, 800px\" \/>\t\t\t\t\t\t\t\t\t\t\t\t\t\t\t<\/div>\n\t\t\t\t<\/div>\n\t\t\t\t<div class=\"elementor-element elementor-element-78a9d37 elementor-widget elementor-widget-image\" data-id=\"78a9d37\" data-element_type=\"widget\" data-e-type=\"widget\" data-widget_type=\"image.default\">\n\t\t\t\t<div class=\"elementor-widget-container\">\n\t\t\t\t\t\t\t\t\t\t\t\t\t\t\t<img decoding=\"async\" width=\"800\" height=\"533\" src=\"https:\/\/studiolineatur.com\/wp-content\/uploads\/09_Studio-Lineatur_Innenarchitektur_Berlin_Team-1-800x533.jpg\" class=\"attachment-square size-square wp-image-5082\" alt=\"\" srcset=\"https:\/\/studiolineatur.com\/wp-content\/uploads\/09_Studio-Lineatur_Innenarchitektur_Berlin_Team-1-800x533.jpg 800w, https:\/\/studiolineatur.com\/wp-content\/uploads\/09_Studio-Lineatur_Innenarchitektur_Berlin_Team-1-300x200.jpg 300w, https:\/\/studiolineatur.com\/wp-content\/uploads\/09_Studio-Lineatur_Innenarchitektur_Berlin_Team-1-1024x683.jpg 1024w, https:\/\/studiolineatur.com\/wp-content\/uploads\/09_Studio-Lineatur_Innenarchitektur_Berlin_Team-1-768x512.jpg 768w, https:\/\/studiolineatur.com\/wp-content\/uploads\/09_Studio-Lineatur_Innenarchitektur_Berlin_Team-1-1536x1024.jpg 1536w, https:\/\/studiolineatur.com\/wp-content\/uploads\/09_Studio-Lineatur_Innenarchitektur_Berlin_Team-1.jpg 1920w\" sizes=\"(max-width: 800px) 100vw, 800px\" \/>\t\t\t\t\t\t\t\t\t\t\t\t\t\t\t<\/div>\n\t\t\t\t<\/div>\n\t\t<div class=\"elementor-element elementor-element-899bfa9 e-con-full e-flex e-con e-child\" data-id=\"899bfa9\" data-element_type=\"container\" data-e-type=\"container\" data-settings=\"{&quot;background_background&quot;:&quot;classic&quot;,&quot;_ob_use_container_extras&quot;:&quot;no&quot;}\">\n\t\t\t\t<\/div>\n\t\t\t\t<\/div>\n\t\t<div class=\"elementor-element elementor-element-c6cd858 e-con-full e-flex ob-is-container-extras e-con e-child\" data-id=\"c6cd858\" data-element_type=\"container\" data-e-type=\"container\" data-settings=\"{&quot;_ob_use_container_extras&quot;:&quot;yes&quot;}\">\n\t\t\t\t<\/div>\n\t\t<div class=\"elementor-element elementor-element-9ba68f3 e-con-full e-flex e-con e-child\" data-id=\"9ba68f3\" data-element_type=\"container\" data-e-type=\"container\" data-settings=\"{&quot;sticky&quot;:&quot;top&quot;,&quot;sticky_offset&quot;:60,&quot;sticky_parent&quot;:&quot;yes&quot;,&quot;_ob_use_container_extras&quot;:&quot;no&quot;,&quot;sticky_on&quot;:[&quot;desktop&quot;,&quot;tablet&quot;,&quot;mobile&quot;],&quot;sticky_effects_offset&quot;:0,&quot;sticky_anchor_link_offset&quot;:0}\">\n\t\t\t\t<\/div>\n\t\t\t\t<\/div>\n\t\t\t\t<\/div>\n\t\t\t\t<\/div>\n\t\t","protected":false},"excerpt":{"rendered":"<p>LINEATUR ist ein Innenarchitekturstudio mit Sitz in Berlin, das 2019 von der Architektin Janis Nachtigall und der Innenarchitektin Dana Mikoleit gegr\u00fcndet wurde. Wir bringen unsere umfassende Expertise ein, um \u00f6ffentliche und private R\u00e4ume zu gestalten und neu zu denken. Wir entwerfen R\u00e4ume, welche die Pers\u00f6nlichkeit der Bewohner*innen und Nutzer*innen widerspiegeln und ein Gef\u00fchl von Harmonie, [&hellip;]<\/p>\n","protected":false},"author":2,"featured_media":0,"parent":0,"menu_order":0,"comment_status":"closed","ping_status":"closed","template":"","meta":{"_acf_changed":false,"footnotes":""},"class_list":["post-5087","page","type-page","status-publish","hentry"],"acf":[],"yoast_head":"<!-- This site is optimized with the Yoast SEO plugin v27.5 - https:\/\/yoast.com\/product\/yoast-seo-wordpress\/ -->\n<title>\u00dcber uns - LINEATUR<\/title>\n<meta name=\"description\" content=\"LINEATUR designs spaces that not only reflect the personality of their occupants and users, but also convey a sense of harmony, naturalness and inspiration.\" \/>\n<meta name=\"robots\" content=\"index, follow, max-snippet:-1, max-image-preview:large, max-video-preview:-1\" \/>\n<link rel=\"canonical\" href=\"https:\/\/studiolineatur.com\/de\/ueber-uns\/\" \/>\n<meta property=\"og:locale\" content=\"de_DE\" \/>\n<meta property=\"og:type\" content=\"article\" \/>\n<meta property=\"og:title\" content=\"\u00dcber uns - LINEATUR\" \/>\n<meta property=\"og:description\" content=\"LINEATUR designs spaces that not only reflect the personality of their occupants and users, but also convey a sense of harmony, naturalness and inspiration.\" \/>\n<meta property=\"og:url\" content=\"https:\/\/studiolineatur.com\/de\/ueber-uns\/\" \/>\n<meta property=\"og:site_name\" content=\"LINEATUR\" \/>\n<meta property=\"article:modified_time\" content=\"2026-04-16T08:58:36+00:00\" \/>\n<meta property=\"og:image\" content=\"https:\/\/studiolineatur.com\/wp-content\/uploads\/10_Studio-Lineatur_Innenarchitektur_Berlin_Janis-Nachtigall_Dana-Mikoleit-1.jpg\" \/>\n\t<meta property=\"og:image:width\" content=\"1280\" \/>\n\t<meta property=\"og:image:height\" content=\"1920\" \/>\n\t<meta property=\"og:image:type\" content=\"image\/jpeg\" \/>\n<meta name=\"twitter:card\" content=\"summary_large_image\" \/>\n<meta name=\"twitter:label1\" content=\"Gesch\u00e4tzte Lesezeit\" \/>\n\t<meta name=\"twitter:data1\" content=\"1\u00a0Minute\" \/>\n<script type=\"application\/ld+json\" class=\"yoast-schema-graph\">{\"@context\":\"https:\\\/\\\/schema.org\",\"@graph\":[{\"@type\":\"WebPage\",\"@id\":\"https:\\\/\\\/studiolineatur.com\\\/de\\\/ueber-uns\\\/\",\"url\":\"https:\\\/\\\/studiolineatur.com\\\/de\\\/ueber-uns\\\/\",\"name\":\"\u00dcber uns - LINEATUR\",\"isPartOf\":{\"@id\":\"https:\\\/\\\/studiolineatur.com\\\/de\\\/#website\"},\"primaryImageOfPage\":{\"@id\":\"https:\\\/\\\/studiolineatur.com\\\/de\\\/ueber-uns\\\/#primaryimage\"},\"image\":{\"@id\":\"https:\\\/\\\/studiolineatur.com\\\/de\\\/ueber-uns\\\/#primaryimage\"},\"thumbnailUrl\":\"https:\\\/\\\/studiolineatur.com\\\/wp-content\\\/uploads\\\/10_Studio-Lineatur_Innenarchitektur_Berlin_Janis-Nachtigall_Dana-Mikoleit-1.jpg\",\"datePublished\":\"2025-03-17T10:47:14+00:00\",\"dateModified\":\"2026-04-16T08:58:36+00:00\",\"description\":\"LINEATUR designs spaces that not only reflect the personality of their occupants and users, but also convey a sense of harmony, naturalness and inspiration.\",\"breadcrumb\":{\"@id\":\"https:\\\/\\\/studiolineatur.com\\\/de\\\/ueber-uns\\\/#breadcrumb\"},\"inLanguage\":\"de\",\"potentialAction\":[{\"@type\":\"ReadAction\",\"target\":[\"https:\\\/\\\/studiolineatur.com\\\/de\\\/ueber-uns\\\/\"]}]},{\"@type\":\"ImageObject\",\"inLanguage\":\"de\",\"@id\":\"https:\\\/\\\/studiolineatur.com\\\/de\\\/ueber-uns\\\/#primaryimage\",\"url\":\"https:\\\/\\\/studiolineatur.com\\\/wp-content\\\/uploads\\\/10_Studio-Lineatur_Innenarchitektur_Berlin_Janis-Nachtigall_Dana-Mikoleit-1.jpg\",\"contentUrl\":\"https:\\\/\\\/studiolineatur.com\\\/wp-content\\\/uploads\\\/10_Studio-Lineatur_Innenarchitektur_Berlin_Janis-Nachtigall_Dana-Mikoleit-1.jpg\"},{\"@type\":\"BreadcrumbList\",\"@id\":\"https:\\\/\\\/studiolineatur.com\\\/de\\\/ueber-uns\\\/#breadcrumb\",\"itemListElement\":[{\"@type\":\"ListItem\",\"position\":1,\"name\":\"Startseite\",\"item\":\"https:\\\/\\\/studiolineatur.com\\\/de\\\/projekte\\\/\"},{\"@type\":\"ListItem\",\"position\":2,\"name\":\"\u00dcber uns\"}]},{\"@type\":\"WebSite\",\"@id\":\"https:\\\/\\\/studiolineatur.com\\\/de\\\/#website\",\"url\":\"https:\\\/\\\/studiolineatur.com\\\/de\\\/\",\"name\":\"LINEATUR\",\"description\":\"LINEATUR is a studio for architecture and branding founded by Janis Nachtigall (architect), Dana Mikoleit (interior architect) and Pia Held (art director)\",\"publisher\":{\"@id\":\"https:\\\/\\\/studiolineatur.com\\\/de\\\/#organization\"},\"potentialAction\":[{\"@type\":\"SearchAction\",\"target\":{\"@type\":\"EntryPoint\",\"urlTemplate\":\"https:\\\/\\\/studiolineatur.com\\\/de\\\/?s={search_term_string}\"},\"query-input\":{\"@type\":\"PropertyValueSpecification\",\"valueRequired\":true,\"valueName\":\"search_term_string\"}}],\"inLanguage\":\"de\"},{\"@type\":\"Organization\",\"@id\":\"https:\\\/\\\/studiolineatur.com\\\/de\\\/#organization\",\"name\":\"LINEATUR\",\"url\":\"https:\\\/\\\/studiolineatur.com\\\/de\\\/\",\"logo\":{\"@type\":\"ImageObject\",\"inLanguage\":\"de\",\"@id\":\"https:\\\/\\\/studiolineatur.com\\\/de\\\/#\\\/schema\\\/logo\\\/image\\\/\",\"url\":\"https:\\\/\\\/studiolineatur.com\\\/wp-content\\\/uploads\\\/LINEATUR_Logo_square.jpg\",\"contentUrl\":\"https:\\\/\\\/studiolineatur.com\\\/wp-content\\\/uploads\\\/LINEATUR_Logo_square.jpg\",\"width\":1181,\"height\":1181,\"caption\":\"LINEATUR\"},\"image\":{\"@id\":\"https:\\\/\\\/studiolineatur.com\\\/de\\\/#\\\/schema\\\/logo\\\/image\\\/\"},\"sameAs\":[\"https:\\\/\\\/www.instagram.com\\\/studiolineatur\\\/\"]}]}<\/script>\n<!-- \/ Yoast SEO plugin. -->","yoast_head_json":{"title":"\u00dcber uns - LINEATUR","description":"LINEATUR designs spaces that not only reflect the personality of their occupants and users, but also convey a sense of harmony, naturalness and inspiration.","robots":{"index":"index","follow":"follow","max-snippet":"max-snippet:-1","max-image-preview":"max-image-preview:large","max-video-preview":"max-video-preview:-1"},"canonical":"https:\/\/studiolineatur.com\/de\/ueber-uns\/","og_locale":"de_DE","og_type":"article","og_title":"\u00dcber uns - LINEATUR","og_description":"LINEATUR designs spaces that not only reflect the personality of their occupants and users, but also convey a sense of harmony, naturalness and inspiration.","og_url":"https:\/\/studiolineatur.com\/de\/ueber-uns\/","og_site_name":"LINEATUR","article_modified_time":"2026-04-16T08:58:36+00:00","og_image":[{"width":1280,"height":1920,"url":"https:\/\/studiolineatur.com\/wp-content\/uploads\/10_Studio-Lineatur_Innenarchitektur_Berlin_Janis-Nachtigall_Dana-Mikoleit-1.jpg","type":"image\/jpeg"}],"twitter_card":"summary_large_image","twitter_misc":{"Gesch\u00e4tzte Lesezeit":"1\u00a0Minute"},"schema":{"@context":"https:\/\/schema.org","@graph":[{"@type":"WebPage","@id":"https:\/\/studiolineatur.com\/de\/ueber-uns\/","url":"https:\/\/studiolineatur.com\/de\/ueber-uns\/","name":"\u00dcber uns - LINEATUR","isPartOf":{"@id":"https:\/\/studiolineatur.com\/de\/#website"},"primaryImageOfPage":{"@id":"https:\/\/studiolineatur.com\/de\/ueber-uns\/#primaryimage"},"image":{"@id":"https:\/\/studiolineatur.com\/de\/ueber-uns\/#primaryimage"},"thumbnailUrl":"https:\/\/studiolineatur.com\/wp-content\/uploads\/10_Studio-Lineatur_Innenarchitektur_Berlin_Janis-Nachtigall_Dana-Mikoleit-1.jpg","datePublished":"2025-03-17T10:47:14+00:00","dateModified":"2026-04-16T08:58:36+00:00","description":"LINEATUR designs spaces that not only reflect the personality of their occupants and users, but also convey a sense of harmony, naturalness and inspiration.","breadcrumb":{"@id":"https:\/\/studiolineatur.com\/de\/ueber-uns\/#breadcrumb"},"inLanguage":"de","potentialAction":[{"@type":"ReadAction","target":["https:\/\/studiolineatur.com\/de\/ueber-uns\/"]}]},{"@type":"ImageObject","inLanguage":"de","@id":"https:\/\/studiolineatur.com\/de\/ueber-uns\/#primaryimage","url":"https:\/\/studiolineatur.com\/wp-content\/uploads\/10_Studio-Lineatur_Innenarchitektur_Berlin_Janis-Nachtigall_Dana-Mikoleit-1.jpg","contentUrl":"https:\/\/studiolineatur.com\/wp-content\/uploads\/10_Studio-Lineatur_Innenarchitektur_Berlin_Janis-Nachtigall_Dana-Mikoleit-1.jpg"},{"@type":"BreadcrumbList","@id":"https:\/\/studiolineatur.com\/de\/ueber-uns\/#breadcrumb","itemListElement":[{"@type":"ListItem","position":1,"name":"Startseite","item":"https:\/\/studiolineatur.com\/de\/projekte\/"},{"@type":"ListItem","position":2,"name":"\u00dcber uns"}]},{"@type":"WebSite","@id":"https:\/\/studiolineatur.com\/de\/#website","url":"https:\/\/studiolineatur.com\/de\/","name":"LINEATUR","description":"LINEATUR is a studio for architecture and branding founded by Janis Nachtigall (architect), Dana Mikoleit (interior architect) and Pia Held (art director)","publisher":{"@id":"https:\/\/studiolineatur.com\/de\/#organization"},"potentialAction":[{"@type":"SearchAction","target":{"@type":"EntryPoint","urlTemplate":"https:\/\/studiolineatur.com\/de\/?s={search_term_string}"},"query-input":{"@type":"PropertyValueSpecification","valueRequired":true,"valueName":"search_term_string"}}],"inLanguage":"de"},{"@type":"Organization","@id":"https:\/\/studiolineatur.com\/de\/#organization","name":"LINEATUR","url":"https:\/\/studiolineatur.com\/de\/","logo":{"@type":"ImageObject","inLanguage":"de","@id":"https:\/\/studiolineatur.com\/de\/#\/schema\/logo\/image\/","url":"https:\/\/studiolineatur.com\/wp-content\/uploads\/LINEATUR_Logo_square.jpg","contentUrl":"https:\/\/studiolineatur.com\/wp-content\/uploads\/LINEATUR_Logo_square.jpg","width":1181,"height":1181,"caption":"LINEATUR"},"image":{"@id":"https:\/\/studiolineatur.com\/de\/#\/schema\/logo\/image\/"},"sameAs":["https:\/\/www.instagram.com\/studiolineatur\/"]}]}},"_links":{"self":[{"href":"https:\/\/studiolineatur.com\/de\/wp-json\/wp\/v2\/pages\/5087","targetHints":{"allow":["GET"]}}],"collection":[{"href":"https:\/\/studiolineatur.com\/de\/wp-json\/wp\/v2\/pages"}],"about":[{"href":"https:\/\/studiolineatur.com\/de\/wp-json\/wp\/v2\/types\/page"}],"author":[{"embeddable":true,"href":"https:\/\/studiolineatur.com\/de\/wp-json\/wp\/v2\/users\/2"}],"replies":[{"embeddable":true,"href":"https:\/\/studiolineatur.com\/de\/wp-json\/wp\/v2\/comments?post=5087"}],"version-history":[{"count":5,"href":"https:\/\/studiolineatur.com\/de\/wp-json\/wp\/v2\/pages\/5087\/revisions"}],"predecessor-version":[{"id":5512,"href":"https:\/\/studiolineatur.com\/de\/wp-json\/wp\/v2\/pages\/5087\/revisions\/5512"}],"wp:attachment":[{"href":"https:\/\/studiolineatur.com\/de\/wp-json\/wp\/v2\/media?parent=5087"}],"curies":[{"name":"wp","href":"https:\/\/api.w.org\/{rel}","templated":true}]}}